{"id":104046,"date":"2024-03-15T16:01:38","date_gmt":"2024-03-15T15:01:38","guid":{"rendered":"https:\/\/www.esteri.it\/?page_id=104046"},"modified":"2026-01-27T11:36:02","modified_gmt":"2026-01-27T10:36:02","slug":"mostre","status":"publish","type":"page","link":"https:\/\/www.esteri.it\/it\/temi\/uapsds\/archivio-storico-e-biblioteca\/mostre-iniziative-e-comunicazione\/mostre\/","title":{"rendered":"Mostre"},"content":{"rendered":"<p><strong>Esposizione permanente \u201cLa politica estera italiana in mostra\u201d<\/strong><\/p>\n<div class=\"row\">\n<div class=\"col-lg-3\"><img loading=\"lazy\" decoding=\"async\" class=\"alignnone wp-image-114310 img-fluid\" src=\"https:\/\/www.esteri.it\/wp-content\/uploads\/2024\/03\/foto-1-scaled.jpg\" alt=\"foto 1\" width=\"186\" height=\"248\" srcset=\"https:\/\/www.esteri.it\/wp-content\/uploads\/2024\/03\/foto-1-scaled.jpg 1920w, https:\/\/www.esteri.it\/wp-content\/uploads\/2024\/03\/foto-1-225x300.jpg 225w, https:\/\/www.esteri.it\/wp-content\/uploads\/2024\/03\/foto-1-768x1024.jpg 768w, https:\/\/www.esteri.it\/wp-content\/uploads\/2024\/03\/foto-1-1152x1536.jpg 1152w, https:\/\/www.esteri.it\/wp-content\/uploads\/2024\/03\/foto-1-1536x2048.jpg 1536w\" sizes=\"auto, (max-width: 186px) 100vw, 186px\" \/><\/div>\n<div class=\"col-lg-9\">\n<p>L\u2019esposizione permanente \u201cLa politica estera italiana in mostra\u201d, allestita nei saloni di rappresentanza al primo piano del palazzo della Farnesina, a cura dell\u2019Archivio Storico Diplomatico, intende far conoscere la ricchezza e il pregio del patrimonio archivistico del Ministero.<br \/>\nUn percorso avvincente, scandito dai documenti, che parte dall&#8217;avvicinare il pubblico al mondo della conservazione e gestione archivistica, illustra le funzioni in cui si esplica l\u2019attivit\u00e0 del Ministero degli Affari Esteri e termina con il racconto dei momenti significative della storia della politica estera italiana.<\/p>\n<\/div>\n<\/div>\n<div class=\"row\">\n<div class=\"col-lg-4\">\n<p>\u00c8 possibile prenotare delle visite guidate per gruppi di studenti. I visitatori saranno accompagnati da personale dell\u2019Archivio Storico Diplomatico in un affascinante viaggio che far\u00e0 vivere la storia attraverso il contatto diretto con i suoi protagonisti e con le carte originali. Per maggiori dettagli sulle modalit\u00e0 di prenotazione si prega di scrivere un\u2019email ad <a href=\"mailto:archiviostorico@esteri.it\">archiviostorico@esteri.it<\/a><\/p>\n<p>&nbsp;<\/p>\n<\/div>\n<div class=\"col-lg-4\"><img loading=\"lazy\" decoding=\"async\" class=\"alignnone wp-image-114308 img-fluid\" src=\"https:\/\/www.esteri.it\/wp-content\/uploads\/2024\/03\/foto-2-scaled.jpg\" alt=\"foto 2\" width=\"252\" height=\"336\" srcset=\"https:\/\/www.esteri.it\/wp-content\/uploads\/2024\/03\/foto-2-scaled.jpg 1920w, https:\/\/www.esteri.it\/wp-content\/uploads\/2024\/03\/foto-2-225x300.jpg 225w, https:\/\/www.esteri.it\/wp-content\/uploads\/2024\/03\/foto-2-768x1024.jpg 768w, https:\/\/www.esteri.it\/wp-content\/uploads\/2024\/03\/foto-2-1152x1536.jpg 1152w, https:\/\/www.esteri.it\/wp-content\/uploads\/2024\/03\/foto-2-1536x2048.jpg 1536w\" sizes=\"auto, (max-width: 252px) 100vw, 252px\" \/><\/div>\n<div class=\"col-lg-4\"><img loading=\"lazy\" decoding=\"async\" class=\"alignnone wp-image-114271 img-fluid\" src=\"https:\/\/www.esteri.it\/wp-content\/uploads\/2024\/03\/foto-patto-di-amicizia-alleanza-scaled.jpg\" alt=\"patto-di-amicizia-alleanza\" width=\"254\" height=\"339\" srcset=\"https:\/\/www.esteri.it\/wp-content\/uploads\/2024\/03\/foto-patto-di-amicizia-alleanza-scaled.jpg 1920w, https:\/\/www.esteri.it\/wp-content\/uploads\/2024\/03\/foto-patto-di-amicizia-alleanza-225x300.jpg 225w, https:\/\/www.esteri.it\/wp-content\/uploads\/2024\/03\/foto-patto-di-amicizia-alleanza-768x1024.jpg 768w, https:\/\/www.esteri.it\/wp-content\/uploads\/2024\/03\/foto-patto-di-amicizia-alleanza-1152x1536.jpg 1152w, https:\/\/www.esteri.it\/wp-content\/uploads\/2024\/03\/foto-patto-di-amicizia-alleanza-1536x2048.jpg 1536w\" sizes=\"auto, (max-width: 254px) 100vw, 254px\" \/><\/div>\n<\/div>\n<p><strong>Archivio Mostre<\/strong><\/p>\n<p>Oltre alla mostra permanente allestita presso il Palazzo della Farnesina, l\u2019UAP-SDS cura esposizioni temporanee volte alla valorizzazione dei propri fondi e del patrimonio culturale del Ministero. Vengono inoltre progettate e curate mostre per le sedi diplomatiche e per gli Istituti Italiani di Cultura all\u2019estero che lo richiedono. Segue un archivio delle ultime mostre realizzate.<\/p>\n<p>&nbsp;<\/p>\n<p><strong>2025<\/strong><\/p>\n<p>In occasione della cerimonia di commemorazione del 70\u00b0 Anniversario della Conferenza di Messina (1955), tenutasi a Palazzo Zanca, sede del Comune di Messina, il 18 giugno 2025, l\u2019Archivio Storico-Diplomatico della Farnesina ha realizzato in collaborazione con l\u2019Istituto Universitario Europeo di Fiesole una mostra commemorativa dal titolo \u201c70 anni dalla Conferenza di Messina: la sua eredit\u00e0 per l\u2019Europa di oggi\u201d.<br \/>\nL\u2019esposizione, oltre a ripercorrere le principali tappe della storia dell\u2019integrazione europea, anche attraverso la riproposizione di fotografie originali della Conferenza del 1955, ha illustrato alcuni rilevanti aspetti di attualit\u00e0 per l\u2019Unione, tra cui ad esempio le prospettive di allargamento e le sfide rappresentate da Next Generation EU, dalla transizione ecologica, dalla difesa comune. Tutto ci\u00f2 all\u2019interno di 12 pannelli allestiti all\u2019interno di Palazzo Zanca, stessa sede della Conferenza del 1955.<\/p>\n<p><img loading=\"lazy\" decoding=\"async\" class=\"alignnone size-medium wp-image-124247 img-fluid\" src=\"https:\/\/www.esteri.it\/wp-content\/uploads\/2025\/07\/foto_mostra_1.jpg&quot;\" alt=\"\" width=\"212\" height=\"300\" \/> \u00a0 <img loading=\"lazy\" decoding=\"async\" class=\"alignnone size-medium wp-image-124248 img-fluid\" src=\"https:\/\/www.esteri.it\/wp-content\/uploads\/2025\/07\/foto_mostra_3.jpg\" alt=\"\" width=\"212\" height=\"300\" \/> \u00a0 <img loading=\"lazy\" decoding=\"async\" class=\"alignnone size-medium wp-image-124246 img-fluid\" src=\"https:\/\/www.esteri.it\/wp-content\/uploads\/2025\/07\/foto_mostra_2.jpg\" alt=\"\" width=\"212\" height=\"300\" \/><\/p>\n<p>&nbsp;<\/p>\n<p><strong>Mostra sulla Giornata degli Internati italiani nei campi di concentramento tedeschi durante la seconda Guerra Mondiale<\/strong><\/p>\n<p>Venerd\u00ec 19 settembre \u00e8 stata celebrata alla Farnesina la prima \u201cGiornata degli Internati Militari Italiani nei campi di concentramento tedeschi durante la Seconda guerra mondiale\u201d, istituita con Legge 13 gennaio 2025 N. 6. Per l\u2019occasione, L\u2019Archivio Storico Diplomatico del MAECI, insieme all\u2019Associazione Nazionale Reduci dalla Prigionia, ha allestito una mostra documentale con documenti del Fondo GABAILG (Gabinetto Assistenza Italiani Lavoranti in Germania) e oggetti dal Museo Vite di IMI di Via Labicana. La mostra \u00e8 stata inaugurata al termine di un convegno che si \u00e8 aperto con i saluti del Segretario Generale del MAECI, l\u2019Ambasciatore Riccardo Guariglia, e ha visto la partecipazione di rappresentanti dell\u2019ANRP, del Ministero della Difesa e di docenti universitari che hanno approfondito i principali aspetti storici e diplomatici della vicenda, in particolare con riferimento alle trattative tra il Terzo Reich e la Repubblica Sociale Italiana sullo status degli IMI.<\/p>\n<p>Cura, selezione e testi di accompagnamento: Federica Onelli<\/p>\n<div class=\"row\">\n<div class=\"col-lg-6\"><img loading=\"lazy\" decoding=\"async\" class=\"img-fluid left alignnone wp-image-160570\" src=\"https:\/\/www.esteri.it\/wp-content\/uploads\/2025\/11\/mostraInternatiItaliani_tedeschi.jpg\" alt=\"Mostra sulla Giornata degli Internati italiani nei campi di concentramento tedeschi \" width=\"400\" height=\"331\" srcset=\"https:\/\/www.esteri.it\/wp-content\/uploads\/2025\/11\/mostraInternatiItaliani_tedeschi.jpg 804w, https:\/\/www.esteri.it\/wp-content\/uploads\/2025\/11\/mostraInternatiItaliani_tedeschi-300x249.jpg 300w, https:\/\/www.esteri.it\/wp-content\/uploads\/2025\/11\/mostraInternatiItaliani_tedeschi-768x636.jpg 768w\" sizes=\"auto, (max-width: 400px) 100vw, 400px\" \/><\/div>\n<div class=\"col-lg-6\">\n<p><img loading=\"lazy\" decoding=\"async\" class=\"img-fluid alignnone wp-image-160569\" src=\"https:\/\/www.esteri.it\/wp-content\/uploads\/2025\/11\/mostraInternatiItaliani_tedeschi2.jpg\" alt=\"Mostra sulla Giornata degli Internati italiani nei campi di concentramento tedeschi \" width=\"400\" height=\"181\" srcset=\"https:\/\/www.esteri.it\/wp-content\/uploads\/2025\/11\/mostraInternatiItaliani_tedeschi2.jpg 733w, https:\/\/www.esteri.it\/wp-content\/uploads\/2025\/11\/mostraInternatiItaliani_tedeschi2-300x135.jpg 300w\" sizes=\"auto, (max-width: 400px) 100vw, 400px\" \/><\/p>\n<p><img loading=\"lazy\" decoding=\"async\" class=\"img-fluid alignnone wp-image-160566\" src=\"https:\/\/www.esteri.it\/wp-content\/uploads\/2025\/11\/mostraInternatiItaliani_tedeschi3.jpg\" alt=\"Mostra sulla Giornata degli Internati italiani nei campi di concentramento tedeschi \" width=\"400\" height=\"188\" srcset=\"https:\/\/www.esteri.it\/wp-content\/uploads\/2025\/11\/mostraInternatiItaliani_tedeschi3.jpg 733w, https:\/\/www.esteri.it\/wp-content\/uploads\/2025\/11\/mostraInternatiItaliani_tedeschi3-300x141.jpg 300w\" sizes=\"auto, (max-width: 400px) 100vw, 400px\" \/><\/p>\n<\/div>\n<\/div>\n<p>&nbsp;<\/p>\n<p><strong>Mostra \u201cL\u2019Etiopia ai tempi di Pratt\u201d <\/strong><\/p>\n<p>La mostra, promossa dall\u2019Ufficio V della Direzione Generale per la Diplomazia Pubblica e Culturale in collaborazione con l\u2019Archivio Storico Diplomatico, si inserisce nel progetto \u201cHugo Pratt. L\u2019eredit\u00e0, l\u2019opera, la biografia\u201d e nella XVI edizione del Festival della letteratura di viaggio. Nel 30\u00b0 anniversario della scomparsa del celebre autore, la mostra, attraverso documenti d\u2019archivio inediti, ricostruisce il legame tra Hugo Pratt e la scuola italiana di Addis Abeba, valorizzando il patrimonio storico-diplomatico e il ruolo delle scuole italiane all\u2019estero. La mostra fa parte di un\u2019esposizione diffusa in quattro sedi della Capitale: Museo delle Civilt\u00e0, Biblioteca Nazionale Centrale, Palazzetto Mattei in Villa Celimontana e appunto il Palazzo della Farnesina.<\/p>\n<p>Cura, selezione e testi di accompagnamento: Anna Zolfo<\/p>\n<p>Photo credit: \u00a9 Silvia Marocchi<\/p>\n<div class=\"row\">\n<div class=\"col-lg-12\"><img decoding=\"async\" class=\"img-fluid alignnone wp-image-160565\" src=\"https:\/\/www.esteri.it\/wp-content\/uploads\/2025\/11\/Etiopia_ai_tempi_diPratt.jpg\" alt=\"Mostra L\u2019Etiopia ai tempi di Pratt\" width=\"250\" srcset=\"https:\/\/www.esteri.it\/wp-content\/uploads\/2025\/11\/Etiopia_ai_tempi_diPratt.jpg 529w, https:\/\/www.esteri.it\/wp-content\/uploads\/2025\/11\/Etiopia_ai_tempi_diPratt-240x300.jpg 240w\" sizes=\"(max-width: 529px) 100vw, 529px\" \/>\u00a0 \u00a0\u00a0 <img decoding=\"async\" class=\"alignnone size-medium wp-image-160563 img-fluid\" src=\"https:\/\/www.esteri.it\/wp-content\/uploads\/2025\/11\/Etiopia_ai_tempi_diPratt2.jpg\" alt=\"Mostra L\u2019Etiopia ai tempi di Pratt\" width=\"250\" srcset=\"https:\/\/www.esteri.it\/wp-content\/uploads\/2025\/11\/Etiopia_ai_tempi_diPratt2.jpg 530w, https:\/\/www.esteri.it\/wp-content\/uploads\/2025\/11\/Etiopia_ai_tempi_diPratt2-240x300.jpg 240w\" sizes=\"(max-width: 530px) 100vw, 530px\" \/>\u00a0 \u00a0 \u00a0<img decoding=\"async\" class=\"alignnone size-medium wp-image-160560 img-fluid\" src=\"https:\/\/www.esteri.it\/wp-content\/uploads\/2025\/11\/Etiopia_ai_tempi_diPratt3.jpg\" alt=\"Mostra \u201cL\u2019Etiopia ai tempi di Pratt\" width=\"250\" srcset=\"https:\/\/www.esteri.it\/wp-content\/uploads\/2025\/11\/Etiopia_ai_tempi_diPratt3.jpg 554w, https:\/\/www.esteri.it\/wp-content\/uploads\/2025\/11\/Etiopia_ai_tempi_diPratt3-240x300.jpg 240w\" sizes=\"(max-width: 554px) 100vw, 554px\" \/><\/div>\n<\/div>\n<p>&nbsp;<\/p>\n<p>&nbsp;<\/p>\n<p><strong>2024<\/strong><\/p>\n<p>&nbsp;<\/p>\n<p><strong>Mostra digitale: &#8220;Qualche sprazzo di luce nella grande oscurit\u00e0: <\/strong><strong>atti di altruismo durante &#8220;<a href=\"https:\/\/www.esteri.it\/it\/uapsds\/archivio-storico-e-biblioteca\/mostre-iniziative-e-comunicazione\/mostre\/mostra-in-ruanda\/\">il genocidio in Ruanda&#8221;<\/a><\/strong><\/p>\n<p>Tra il 7 aprile e il 15 luglio del 1994, ebbe luogo uno degli eventi pi\u00f9 tragici della storia del XX secolo: il genocidio in Ruanda.<\/p>\n<p>In occasione del trentesimo anniversario, l\u2019Archivio Storico Diplomatico del Ministero degli Affari Esteri e della Cooperazione Internazionale ha deciso di organizzare, con la documentazione disponibile nei propri fondi, una mostra finalizzata a ricordare gli accadimenti di quel periodo che devastarono il Paese centrafricano, ma soprattutto a riproporre le azioni di altruismo e umanit\u00e0 che individui e istituzioni riuscirono a realizzare, nonostante il pericolo estremo.<br \/>\nCura, selezione e testi di accompagnamento: Antonio Freddi<\/p>\n<p><strong>Contributo alla Mostra digitale \u201c<a href=\"https:\/\/diplomaciaerevolucao.mne.gov.pt\/pt\/visto-de-fora\">Visto de Fora<\/a>\u201d<br \/>\n<\/strong><br \/>\nL\u2019Archivio Storico Diplomatico del MAECI collabora da molti anni alle iniziative degli archivi storici di altri Ministeri degli Esteri. In questo caso si \u00e8 voluto contribuire con una sezione italiana alla mostra digitale \u201c<a href=\"https:\/\/diplomaciaerevolucao.mne.gov.pt\/pt\/visto-de-fora\">Visto de Fora<\/a>\u201d, organizzata dall\u2019archivio del Ministero degli Affari Esteri del Portogallo per celebrare il 50\u00b0 anniversario della \u201cRivoluzione dei Garofani\u201d. I telegrammi e i rapporti messi a disposizione offrono un\u2019avvincente testimonianza delle osservazioni e delle valutazioni espresse dalla diplomazia italiana in occasione degli eventi che, nel 1974, condussero dal colpo di stato del 25 Aprile alla costituzione del moderno Portogallo democratico. Cura, selezione e testi di accompagnamento: Antonio Freddi, Federica Onelli.<\/p>\n<p><img loading=\"lazy\" decoding=\"async\" class=\"alignnone size-medium wp-image-124247 img-fluid\" src=\"https:\/\/www.esteri.it\/wp-content\/uploads\/2024\/10\/bis-4-tel-arrivo-27-luglio-1974-38010-b-215-f-Port-da-sistem-sf-PG-B-1-212x300.jpg\" alt=\"\" width=\"212\" height=\"300\" srcset=\"https:\/\/www.esteri.it\/wp-content\/uploads\/2024\/10\/bis-4-tel-arrivo-27-luglio-1974-38010-b-215-f-Port-da-sistem-sf-PG-B-1-212x300.jpg 212w, https:\/\/www.esteri.it\/wp-content\/uploads\/2024\/10\/bis-4-tel-arrivo-27-luglio-1974-38010-b-215-f-Port-da-sistem-sf-PG-B-1-724x1024.jpg 724w, https:\/\/www.esteri.it\/wp-content\/uploads\/2024\/10\/bis-4-tel-arrivo-27-luglio-1974-38010-b-215-f-Port-da-sistem-sf-PG-B-1-768x1086.jpg 768w, https:\/\/www.esteri.it\/wp-content\/uploads\/2024\/10\/bis-4-tel-arrivo-27-luglio-1974-38010-b-215-f-Port-da-sistem-sf-PG-B-1.jpg 990w\" sizes=\"auto, (max-width: 212px) 100vw, 212px\" \/> \u00a0 <img loading=\"lazy\" decoding=\"async\" class=\"alignnone size-medium wp-image-124248 img-fluid\" src=\"https:\/\/www.esteri.it\/wp-content\/uploads\/2024\/10\/bis-4-tel-arrivo-27-luglio-1974-38010-b-215-f-Port-da-sistem-sf-PG-B-2-212x300.jpg\" alt=\"\" width=\"212\" height=\"300\" srcset=\"https:\/\/www.esteri.it\/wp-content\/uploads\/2024\/10\/bis-4-tel-arrivo-27-luglio-1974-38010-b-215-f-Port-da-sistem-sf-PG-B-2-212x300.jpg 212w, https:\/\/www.esteri.it\/wp-content\/uploads\/2024\/10\/bis-4-tel-arrivo-27-luglio-1974-38010-b-215-f-Port-da-sistem-sf-PG-B-2-724x1024.jpg 724w, https:\/\/www.esteri.it\/wp-content\/uploads\/2024\/10\/bis-4-tel-arrivo-27-luglio-1974-38010-b-215-f-Port-da-sistem-sf-PG-B-2-768x1086.jpg 768w, https:\/\/www.esteri.it\/wp-content\/uploads\/2024\/10\/bis-4-tel-arrivo-27-luglio-1974-38010-b-215-f-Port-da-sistem-sf-PG-B-2.jpg 990w\" sizes=\"auto, (max-width: 212px) 100vw, 212px\" \/> \u00a0 <img loading=\"lazy\" decoding=\"async\" class=\"alignnone size-medium wp-image-124246 img-fluid\" src=\"https:\/\/www.esteri.it\/wp-content\/uploads\/2024\/10\/1-Tel-arrivo-25-aprile-20449-b-215-f-PG-B_1-212x300.jpg\" alt=\"\" width=\"212\" height=\"300\" srcset=\"https:\/\/www.esteri.it\/wp-content\/uploads\/2024\/10\/1-Tel-arrivo-25-aprile-20449-b-215-f-PG-B_1-212x300.jpg 212w, https:\/\/www.esteri.it\/wp-content\/uploads\/2024\/10\/1-Tel-arrivo-25-aprile-20449-b-215-f-PG-B_1-724x1024.jpg 724w, https:\/\/www.esteri.it\/wp-content\/uploads\/2024\/10\/1-Tel-arrivo-25-aprile-20449-b-215-f-PG-B_1-768x1086.jpg 768w, https:\/\/www.esteri.it\/wp-content\/uploads\/2024\/10\/1-Tel-arrivo-25-aprile-20449-b-215-f-PG-B_1.jpg 990w\" sizes=\"auto, (max-width: 212px) 100vw, 212px\" \/><\/p>\n<p>&nbsp;<\/p>\n<p><strong>Mostra \u201cTra due mondi. Memoria e celebrazione di Antonio Raimondi in Italia e in Per\u00f9\u201d<\/strong><\/p>\n<p>Nel 2024 l\u2019Istituto Italiano di Cultura di Lima ha ospitato nella propria sede una <a href=\"https:\/\/iiclima.esteri.it\/it\/gli_eventi\/calendario\/arte-raimondi-tra-due-mondi\/\">mostra di documenti<\/a> per rendere omaggio alla memoria del geografo Antonio Raimondi, considerato in Per\u00f9 il pi\u00f9 importante scienziato del XIX secolo, in occasione del secondo centenario della sua nascita (19 settembre 1824). Raimondi giunse in Per\u00f9 nel 1850 e l\u00ec visse per la quasi totalit\u00e0 della sua vita. I suoi viaggi alla scoperta del territorio peruviano durarono 18 anni, durante i quali esplor\u00f2 in lungo e in largo il paese. Frutto della collaborazione con il Museo Raimondi di Lima, la mostra \u00e8 stata aperta al pubblico dal 19 settembre al 9 dicembre 2024. L\u2019esposizione pone l\u2019accento sulle relazioni accademiche e di cittadino italiano che Antonio Raimondi stabil\u00ec con il suo paese natale attraverso la rappresentanza consolare, per poi sviluppare i momenti salienti della memoria raimondina nel corso del XX secolo e dell\u2019inizio del XXI. Fra i documenti esposti figurano 31 documenti originali prestati dall\u2019Archivio Storico Diplomatico del MAECI.<\/p>\n<p>&nbsp;<\/p>\n<p><img loading=\"lazy\" decoding=\"async\" class=\"alignnone size-medium wp-image-124247 img-fluid\" src=\"https:\/\/www.esteri.it\/wp-content\/uploads\/2025\/07\/IICLima_2.jpg\" alt=\"\" width=\"212\" height=\"300\" \/> \u00a0 <img loading=\"lazy\" decoding=\"async\" class=\"alignnone size-medium wp-image-124248 img-fluid\" src=\"https:\/\/www.esteri.it\/wp-content\/uploads\/2025\/07\/IICLima_1.jpg\" alt=\"\" width=\"212\" height=\"300\" \/> \u00a0 <img loading=\"lazy\" decoding=\"async\" class=\"alignnone size-medium wp-image-124246 img-fluid\" src=\"https:\/\/www.esteri.it\/wp-content\/uploads\/2025\/07\/IICLima_3.jpg\" alt=\"\" width=\"212\" height=\"300\" \/><\/p>\n<p><strong>2023<\/strong><\/p>\n<p>In vista dell\u2019anniversario dei 200 anni dalla nascita del naturalista milanese Antonio Raimondi, presso il Palazzo della Farnesina \u00e8 stata allestita una mostra che espone i volumi dell\u2019opera <em>El Per\u00fa<\/em> posseduti dalla Biblioteca del MAECI. Gli esemplari furono donati alla Legazione d\u2019Italia in Lima dall\u2019autore e presentano nel primo tomo una dedica autografa.<\/p>\n<p><strong>2022<\/strong><\/p>\n<p><strong>Mostra \u201cA 100 anni da Praga\u201d<\/strong><\/p>\n<p>Mostra allestita nel 2022 al primo piano del Palazzo della Farnesina. Cura e allestimento scientifico: Federica Onelli, Cecilia Ciatti e Isabella Proia. In occasione del centenario della nascita a Praga del primo Istituto Italiano di Cultura, l\u2019esposizione racconta un secolo di storia di diplomazia culturale, mettendo a confronto il passato e il presente. Accanto ai documenti dell\u2019Archivio Storico Diplomatico che ricostruiscono le tappe della creazione dell\u2019Istituto Italiano di Cultura di Praga un secolo fa, viene presentata una selezione di materiali che illustrano le attivit\u00e0 degli Istituti di pi\u00f9 recente fondazione, Dakar e Abu Dhabi.<\/p>\n<p>&nbsp;<\/p>\n<p><strong>Mostra \u201cLe scuole italiane all\u2019estero alla fine del XIX secolo. Due citt\u00e0 a confronto: Alessandria d\u2019Egitto e Tunisi\u201d<\/strong><\/p>\n<p>Mostra tenutasi a Roma, il 17 novembre 2022, Palazzo della Farnesina &#8211; Sala Mosaici, in occasione dell\u2019evento conclusivo delle Giornate della Formazione Italiana nel mondo organizzate da DGIT V. Cura e allestimento scientifico: Federica Onelli, Cecilia Ciatti e Isabella Proia. L\u2019esposizione presenta una selezione di documenti del Fondo Scuole dell\u2019Archivio Storico Diplomatico della Farnesina. I documenti offrono una testimonianza preziosa sulle scuole italiane all\u2019estero alla fine del XIX secolo, in particolare ad Alessandria d\u2019Egitto, dove fu fondata la prima scuola italiana nel 1861, e a Tunisi, altra citt\u00e0 dell\u2019area mediterranea caratterizzata da un\u2019ampia presenza italiana.<\/p>\n<p>&nbsp;<\/p>\n<p><strong>Mostra Italia \/ Persia<\/strong><\/p>\n<p>Mostra sull\u2019avvio delle relazioni tra Italia e Persia nel 1862, in collaborazione con l\u2019Ambasciata dell\u2019Iran a Roma. Cura e allestimento scientifico: Federica Onelli.<\/p>\n<p>&nbsp;<\/p>\n<p><strong>2021<\/strong><\/p>\n<p><strong>Mostra \u201cItalia \/ Danimarca 1861-1866\u201d<\/strong><\/p>\n<p>Mostra tenutasi presso l\u2019Istituto Italiano di Cultura di Copenaghen, dal 4 novembre al 4 dicembre 2021. Cura e allestimento scientifico: Federica Onelli, Isabella Proia. Il percorso espositivo racconta, attraverso documenti dell&#8217;Archivio Storico Diplomatico e volumi della Biblioteca della Farnesina, le tappe del riconoscimento del Regno d&#8217;Italia da parte del Regno di Danimarca nel 1861, per ampliare lo sguardo anche agli eventi degli anni immediatamente successivi, fino al 1866. La selezione di documenti illustra anche gli aspetti culturali che caratterizzarono il rapporto fra il popolo danese e quello italiano prima del 1861.<\/p>\n<p>&nbsp;<\/p>\n<p><strong>Mostra \u201cUn mirabile <em>Inferno<\/em>: Dante illustrato da Amos Nattini\u201d<\/strong><\/p>\n<p>Mostra inaugurata presso il Palazzo della Farnesina il 14 settembre 2021 e poi circolata all\u2019estero. Progetto dell\u2019UAP-SDS in collaborazione con DGCE Ufficio X; ricerca e testi a cura di Domenico Iuorio e Isabella Proia. In occasione del settimo centenario della morte di Dante Alighieri, la mostra espone le \u201cImagini\u201d dei primi 17 canti della <em>Divina Commedia<\/em> illustrata da Nattini. Le tavole fanno parte dell\u2019esemplare in possesso della Biblioteca del Ministero, donato dallo stesso Nattini al Sottosegretario agli Esteri Dino Grandi nel 1927.<\/p>\n<p>&nbsp;<\/p>\n<p><strong>Mostra \u201cItalia \/ Lituania 1918-1923\u201d<\/strong><\/p>\n<p>Mostra tenutasi a Roma, l\u201911 maggio 2021, Palazzo della Farnesina &#8211; Sala Mosaici, in occasione della visita del Ministro degli Esteri lituano. Cura e allestimento scientifico: Federica Onelli. Esposizione di documenti storici che raccontano i primi anni delle relazioni tra l\u2019Italia e la Lituania (1918-1923).<\/p>\n<p>&nbsp;<\/p>\n","protected":false},"excerpt":{"rendered":"Mostre dell\u2019Archivio Storico Diplomatico in corso presso la Farnesina e altre sedi. Archivio delle mostre degli anni passati","protected":false},"author":1,"featured_media":0,"parent":100169,"menu_order":0,"comment_status":"closed","ping_status":"closed","template":"","meta":{"footnotes":""},"class_list":["post-104046","page","type-page","status-publish","hentry"],"_links":{"self":[{"href":"https:\/\/www.esteri.it\/it\/wp-json\/wp\/v2\/pages\/104046","targetHints":{"allow":["GET"]}}],"collection":[{"href":"https:\/\/www.esteri.it\/it\/wp-json\/wp\/v2\/pages"}],"about":[{"href":"https:\/\/www.esteri.it\/it\/wp-json\/wp\/v2\/types\/page"}],"author":[{"embeddable":true,"href":"https:\/\/www.esteri.it\/it\/wp-json\/wp\/v2\/users\/1"}],"replies":[{"embeddable":true,"href":"https:\/\/www.esteri.it\/it\/wp-json\/wp\/v2\/comments?post=104046"}],"version-history":[{"count":14,"href":"https:\/\/www.esteri.it\/it\/wp-json\/wp\/v2\/pages\/104046\/revisions"}],"predecessor-version":[{"id":171828,"href":"https:\/\/www.esteri.it\/it\/wp-json\/wp\/v2\/pages\/104046\/revisions\/171828"}],"up":[{"embeddable":true,"href":"https:\/\/www.esteri.it\/it\/wp-json\/wp\/v2\/pages\/100169"}],"wp:attachment":[{"href":"https:\/\/www.esteri.it\/it\/wp-json\/wp\/v2\/media?parent=104046"}],"curies":[{"name":"wp","href":"https:\/\/api.w.org\/{rel}","templated":true}]}}