{"id":199,"date":"2021-05-27T12:01:45","date_gmt":"2021-05-27T10:01:45","guid":{"rendered":"https:\/\/www.esteri.it\/?page_id=199"},"modified":"2025-12-19T10:18:38","modified_gmt":"2025-12-19T09:18:38","slug":"retediplomatica","status":"publish","type":"page","link":"https:\/\/www.esteri.it\/it\/sala_stampa\/archivionotizie\/retediplomatica\/","title":{"rendered":"Rete diplomatica"},"content":{"rendered":"\r\n\t\t<div class=\"row\">\r\n\t\t\t<!-- Ricerca bandi end -->\r\n\t\t\t<div class=\"col-12 mt-4\">\r\n\t\t\t  <div class=\"callout callout-highlight note ricerca-esteri p-4\">\r\n\t\t\t\t<div class=\"callout-title\">\r\n\t\t\t\t\t<svg class=\"icon\">\r\n\t\t\t\t\t\t<use xlink:href=\"https:\/\/www.esteri.it\/wp-content\/themes\/mae\/assets\/svg\/sprite.svg#it-search\"><\/use>\r\n\t\t\t\t\t  <\/svg>Inserisci i parametri di ricerca\r\n\t\t\t\t  <\/div>\r\n\t\t\t\t<form name=\"form-bandi-end\" class=\"form-row align-items-center\" action=\"https:\/\/www.esteri.it\/it\/wp-json\/wp\/v2\/pages\/199\/\" method=\"GET\"> \r\n\t\t\t\t\t<div class=\"row pt-2\">\r\n\t\t\t\t\t\t<input type=\"hidden\" id=\"lang\" name=\"lang\" value=\"it\"> \n    <div class=\"form-group col-md-6\">\n        <label class=\"active\" id=\"searchTextLabel\" for=\"searchText\">Ricerca per nome<\/label>\n        <input type=\"text\" class=\"form-control\" id=\"searchText\" name=\"text\" >\n    <\/div>\n    \n     <div class=\" form-group col-md-3\">\n     <div class=\"select-wrapper\">\n       <label>Anno<\/label> \n       <select name=\"anno_pub\">\n       <option value=\"\">Nessuna Selezione<\/option>\n         <option value=\"2026\">2026<\/option><option value=\"2025\">2025<\/option><option value=\"2024\">2024<\/option><option value=\"2023\">2023<\/option><option value=\"2022\">2022<\/option><option value=\"2021\">2021<\/option><option value=\"2020\">2020<\/option><option value=\"2019\">2019<\/option><option value=\"2018\">2018<\/option><option value=\"2017\">2017<\/option><option value=\"2016\">2016<\/option>\n       <\/select>\n     <\/div>\n   <\/div>\n        <div class=\" form-group col-md-3\">\n            <div class=\"select-wrapper\">\n            <label>Mese<\/label>\n            <select name=\"mese_pub\">\n         <option value=\"\" selected>Tutti i mesi<\/option><option value=\"1\">Gennaio<\/option><option value=\"2\">Febbraio<\/option><option value=\"3\">Marzo<\/option><option value=\"4\">Aprile<\/option><option value=\"5\">Maggio<\/option><option value=\"6\">Giugno<\/option><option value=\"7\">Luglio<\/option><option value=\"8\">Agosto<\/option><option value=\"9\">Settembre<\/option><option value=\"10\">Ottobre<\/option><option value=\"11\">Novembre<\/option><option value=\"12\">Dicembre<\/option>\n       <\/select>\n     <\/div>\n   <\/div><\/div><div class=\"form-group col-md-12 pt-2 text-end\">\r\n\t\t\t\t\t\t<a href=\"https:\/\/www.esteri.it\/it\/wp-json\/wp\/v2\/pages\/199\/\" class=\"btn btn-outline-primary btn-xs\">Reset<\/a>\r\n\t\t\t\t\t<button type=\"submit\" class=\"btn btn-primary btn-xs\">Mostra risultati<\/button>\r\n\t\t\t\t\t<\/div>\r\n\t\t\t\t<\/form>\r\n\t\t\t\t<\/div>\r\n\t\t\t<\/div>\r\n\t\t<\/div><div class=\"row\">\r\n\t\t<div class=\"col-12 col-lg-6 mt-3\">\r\n\t\t<!--start card-->\r\n\t\t<div class=\"card-wrapper\">\r\n\t\t  <div class=\"card card-img card-bg card-big border-bottom-card\">\r\n\t\t\t<div class=\"img-responsive-wrapper\">\r\n\t\t\t\t<div class=\"img-responsive\">\r\n\t\t\t\t\t<figure class=\"img-wrapper\">\r\n\t\t\t\t\t\t<img decoding=\"async\" loading=\"lazy\" width=\"416\" height=\"255\" src=\"https:\/\/www.esteri.it\/wp-content\/uploads\/2026\/09\/gitex_expand-north-star_Dubai-2026-768x383.jpg\" srcset= \"https:\/\/www.esteri.it\/wp-content\/uploads\/2026\/09\/gitex_expand-north-star_Dubai-2026.jpg 1438w, https:\/\/www.esteri.it\/wp-content\/uploads\/2026\/09\/gitex_expand-north-star_Dubai-2026-300x150.jpg 300w, https:\/\/www.esteri.it\/wp-content\/uploads\/2026\/09\/gitex_expand-north-star_Dubai-2026-1024x511.jpg 1024w, https:\/\/www.esteri.it\/wp-content\/uploads\/2026\/09\/gitex_expand-north-star_Dubai-2026-768x383.jpg 768w\" sizes=\"auto, (max-width: 1438px) 100vw, 1438px\" title=\"GITEX Global 2026\" alt=\"GITEX Global 2026\" class=\"img-fluid\">\r\n\t\t\t\t\t<\/figure>\r\n\t\t\t\t<\/div>\r\n\t\t\t<\/div>\r\n\t\t\t<div class=\"card-body\">\r\n\t\t\t  <div class=\"category-top\">\r\n\t\t\t\t<span class=\"category\">\r\n\t\t\t\t  <svg class=\"icon icon-secondary\">\r\n\t\t\t\t\t<use xlink:href=\"https:\/\/www.esteri.it\/wp-content\/themes\/mae\/assets\/svg\/sprite.svg#it-calendar\"><\/use>\r\n\t\t\t\t  <\/svg>\r\n\t\t\t\t<\/span>\r\n\t\t\t\t<span class=\"data\">4 Settembre 2026<\/span>\r\n\t\t\t  <\/div>\r\n\t\t\t  <h5 class=\"card-title big-heading text-uppercase\"><a class=\"text-body text-decoration-none\" href=\"https:\/\/www.esteri.it\/it\/sala_stampa\/archivionotizie\/diplomazia-economica\/2026\/09\/gitex-global-2026-a-dubai-nuove-opportunita-per-startup-e-pmi-innovative-italiane\/\" title=\"GITEX Global 2026: a Dubai nuove opportunit\u00e0 per startup e PMI innovative italiane\">GITEX Global 2026: a Dubai nuove opportunit\u00e0 per startup e PMI innovative italiane<\/a><\/h5>\r\n\t\t\t  <p class=\"card-text\">Sono aperte le candidature per la partecipazione di startup e PMI innovative italiane a Expand North Star 2026, in programma dall\u20198 al 10 dicembre 2026 presso Expo City Dubai, nel contesto della 46\u00aa edizione di GITEX Global, uno dei principali appuntamenti internazionali dedicati alla tecnologia, all\u2019innovazione e agli investimenti. L\u2019Italia sar\u00e0 presente a Dubai con [&hellip;]<\/p>\r\n\t\t\t  <a title=\"GITEX Global 2026: a Dubai nuove opportunit\u00e0 per startup e PMI innovative italiane\" class=\"read-more\" href=\"https:\/\/www.esteri.it\/it\/sala_stampa\/archivionotizie\/diplomazia-economica\/2026\/09\/gitex-global-2026-a-dubai-nuove-opportunita-per-startup-e-pmi-innovative-italiane\/\">\r\n\t\t\t\t<span class=\"text\">Leggi di pi\u00f9<\/span>\r\n\t\t\t\t<svg class=\"icon\">\r\n\t\t\t\t  <use xlink:href=\"https:\/\/www.esteri.it\/wp-content\/themes\/mae\/assets\/svg\/sprite.svg#it-arrow-right\"><\/use>\r\n\t\t\t\t<\/svg>\r\n\t\t\t  <\/a>\r\n\t\t\t<\/div>\r\n\t\t  <\/div>\r\n\t\t<\/div>\r\n\t\t<!--end card-->\r\n\t\t<\/div><!-- col-12 .mt-3-->\r\n\t\t<div class=\"col-12 col-lg-6 mt-3\">\r\n\t\t<!--start card-->\r\n\t\t<div class=\"card-wrapper\">\r\n\t\t  <div class=\"card card-img card-bg card-big border-bottom-card\">\r\n\t\t\t<div class=\"img-responsive-wrapper\">\r\n\t\t\t\t<div class=\"img-responsive\">\r\n\t\t\t\t\t<figure class=\"img-wrapper\">\r\n\t\t\t\t\t\t<img decoding=\"async\" loading=\"lazy\" width=\"416\" height=\"255\" src=\"https:\/\/www.esteri.it\/wp-content\/uploads\/2026\/09\/AustralianSuper-768x576.jpg\" srcset= \"https:\/\/www.esteri.it\/wp-content\/uploads\/2026\/09\/AustralianSuper-scaled.jpg 2560w, https:\/\/www.esteri.it\/wp-content\/uploads\/2026\/09\/AustralianSuper-300x225.jpg 300w, https:\/\/www.esteri.it\/wp-content\/uploads\/2026\/09\/AustralianSuper-1024x768.jpg 1024w, https:\/\/www.esteri.it\/wp-content\/uploads\/2026\/09\/AustralianSuper-768x576.jpg 768w, https:\/\/www.esteri.it\/wp-content\/uploads\/2026\/09\/AustralianSuper-1536x1152.jpg 1536w, https:\/\/www.esteri.it\/wp-content\/uploads\/2026\/09\/AustralianSuper-2048x1536.jpg 2048w\" sizes=\"auto, (max-width: 2560px) 100vw, 2560px\" title=\"Melbourne, AustralianSuper e Aware Super per promuovere l\u2019Italia\" alt=\"Melbourne, AustralianSuper e Aware Super per promuovere l\u2019Italia\" class=\"img-fluid\">\r\n\t\t\t\t\t<\/figure>\r\n\t\t\t\t<\/div>\r\n\t\t\t<\/div>\r\n\t\t\t<div class=\"card-body\">\r\n\t\t\t  <div class=\"category-top\">\r\n\t\t\t\t<span class=\"category\">\r\n\t\t\t\t  <svg class=\"icon icon-secondary\">\r\n\t\t\t\t\t<use xlink:href=\"https:\/\/www.esteri.it\/wp-content\/themes\/mae\/assets\/svg\/sprite.svg#it-calendar\"><\/use>\r\n\t\t\t\t  <\/svg>\r\n\t\t\t\t<\/span>\r\n\t\t\t\t<span class=\"data\">3 Settembre 2026<\/span>\r\n\t\t\t  <\/div>\r\n\t\t\t  <h5 class=\"card-title big-heading text-uppercase\"><a class=\"text-body text-decoration-none\" href=\"https:\/\/www.esteri.it\/it\/sala_stampa\/archivionotizie\/retediplomatica\/2026\/09\/melbourne-australiansuper-e-aware-super-per-promuovere-litalia\/\" title=\"Melbourne, AustralianSuper e Aware Super per promuovere l\u2019Italia\">Melbourne, AustralianSuper e Aware Super per promuovere l\u2019Italia<\/a><\/h5>\r\n\t\t\t  <p class=\"card-text\">Rafforzare i rapporti economici e finanziari tra Italia e Australia e promuovere il nostro Paese come destinazione privilegiata per gli investimenti australiani: sono questi gli obiettivi degli incontri dell\u2019Ambasciatore Nicola Lener, affiancato dalla Console Generale Chiara Mauri, con i vertici di AustralianSuper e Aware Super, tra i principali fondi pensione e di investimento australiani. Gli [&hellip;]<\/p>\r\n\t\t\t  <a title=\"Melbourne, AustralianSuper e Aware Super per promuovere l\u2019Italia\" class=\"read-more\" href=\"https:\/\/www.esteri.it\/it\/sala_stampa\/archivionotizie\/retediplomatica\/2026\/09\/melbourne-australiansuper-e-aware-super-per-promuovere-litalia\/\">\r\n\t\t\t\t<span class=\"text\">Leggi di pi\u00f9<\/span>\r\n\t\t\t\t<svg class=\"icon\">\r\n\t\t\t\t  <use xlink:href=\"https:\/\/www.esteri.it\/wp-content\/themes\/mae\/assets\/svg\/sprite.svg#it-arrow-right\"><\/use>\r\n\t\t\t\t<\/svg>\r\n\t\t\t  <\/a>\r\n\t\t\t<\/div>\r\n\t\t  <\/div>\r\n\t\t<\/div>\r\n\t\t<!--end card-->\r\n\t\t<\/div><!-- col-12 .mt-3-->\r\n\t\t<div class=\"col-12 col-lg-6 mt-3\">\r\n\t\t<!--start card-->\r\n\t\t<div class=\"card-wrapper\">\r\n\t\t  <div class=\"card card-img card-bg card-big border-bottom-card\">\r\n\t\t\t<div class=\"img-responsive-wrapper\">\r\n\t\t\t\t<div class=\"img-responsive\">\r\n\t\t\t\t\t<figure class=\"img-wrapper\">\r\n\t\t\t\t\t\t<img decoding=\"async\" loading=\"lazy\" width=\"416\" height=\"255\" src=\"https:\/\/www.esteri.it\/wp-content\/uploads\/2026\/09\/EUROGENDFOR-768x575.jpg\" srcset= \"https:\/\/www.esteri.it\/wp-content\/uploads\/2026\/09\/EUROGENDFOR.jpg 1388w, https:\/\/www.esteri.it\/wp-content\/uploads\/2026\/09\/EUROGENDFOR-300x225.jpg 300w, https:\/\/www.esteri.it\/wp-content\/uploads\/2026\/09\/EUROGENDFOR-1024x767.jpg 1024w, https:\/\/www.esteri.it\/wp-content\/uploads\/2026\/09\/EUROGENDFOR-768x575.jpg 768w\" sizes=\"auto, (max-width: 1388px) 100vw, 1388px\" title=\"EUROGENDFOR\" alt=\"EUROGENDFOR\" class=\"img-fluid\">\r\n\t\t\t\t\t<\/figure>\r\n\t\t\t\t<\/div>\r\n\t\t\t<\/div>\r\n\t\t\t<div class=\"card-body\">\r\n\t\t\t  <div class=\"category-top\">\r\n\t\t\t\t<span class=\"category\">\r\n\t\t\t\t  <svg class=\"icon icon-secondary\">\r\n\t\t\t\t\t<use xlink:href=\"https:\/\/www.esteri.it\/wp-content\/themes\/mae\/assets\/svg\/sprite.svg#it-calendar\"><\/use>\r\n\t\t\t\t  <\/svg>\r\n\t\t\t\t<\/span>\r\n\t\t\t\t<span class=\"data\">2 Settembre 2026<\/span>\r\n\t\t\t  <\/div>\r\n\t\t\t  <h5 class=\"card-title big-heading text-uppercase\"><a class=\"text-body text-decoration-none\" href=\"https:\/\/www.esteri.it\/it\/sala_stampa\/archivionotizie\/retediplomatica\/2026\/09\/eurogendfor-si-rafforza-con-ladesione-di-un-nuovo-stato-membro\/\" title=\"EUROGENDFOR si rafforza con l\u2019adesione di un nuovo Stato membro\">EUROGENDFOR si rafforza con l\u2019adesione di un nuovo Stato membro<\/a><\/h5>\r\n\t\t\t  <p class=\"card-text\">Si \u00e8 svolta oggi alla Farnesina la cerimonia di deposito dello Strumento di Adesione della Repubblica di Lituania al Trattato istitutivo della Forza di Gendarmeria Europea (EUROGENDFOR), del quale il Governo italiano \u00e8 depositario. Alla cerimonia hanno partecipato l\u2019Ambasciatrice della Lituania in Italia, Dalia Kreivien\u0117, e il Capo del Servizio per gli Affari Giuridici, del [&hellip;]<\/p>\r\n\t\t\t  <a title=\"EUROGENDFOR si rafforza con l\u2019adesione di un nuovo Stato membro\" class=\"read-more\" href=\"https:\/\/www.esteri.it\/it\/sala_stampa\/archivionotizie\/retediplomatica\/2026\/09\/eurogendfor-si-rafforza-con-ladesione-di-un-nuovo-stato-membro\/\">\r\n\t\t\t\t<span class=\"text\">Leggi di pi\u00f9<\/span>\r\n\t\t\t\t<svg class=\"icon\">\r\n\t\t\t\t  <use xlink:href=\"https:\/\/www.esteri.it\/wp-content\/themes\/mae\/assets\/svg\/sprite.svg#it-arrow-right\"><\/use>\r\n\t\t\t\t<\/svg>\r\n\t\t\t  <\/a>\r\n\t\t\t<\/div>\r\n\t\t  <\/div>\r\n\t\t<\/div>\r\n\t\t<!--end card-->\r\n\t\t<\/div><!-- col-12 .mt-3-->\r\n\t\t<div class=\"col-12 col-lg-6 mt-3\">\r\n\t\t<!--start card-->\r\n\t\t<div class=\"card-wrapper\">\r\n\t\t  <div class=\"card card-img card-bg card-big border-bottom-card\">\r\n\t\t\t<div class=\"img-responsive-wrapper\">\r\n\t\t\t\t<div class=\"img-responsive\">\r\n\t\t\t\t\t<figure class=\"img-wrapper\">\r\n\t\t\t\t\t\t<img decoding=\"async\" loading=\"lazy\" width=\"416\" height=\"255\" src=\"https:\/\/www.esteri.it\/wp-content\/uploads\/2026\/09\/Casa_Italia.png\" srcset= \"https:\/\/www.esteri.it\/wp-content\/uploads\/2026\/09\/Casa_Italia.png 643w, https:\/\/www.esteri.it\/wp-content\/uploads\/2026\/09\/Casa_Italia-300x200.png 300w\" sizes=\"auto, (max-width: 643px) 100vw, 643px\" title=\"Casa Italia\" alt=\"Casa Italia\" class=\"img-fluid\">\r\n\t\t\t\t\t<\/figure>\r\n\t\t\t\t<\/div>\r\n\t\t\t<\/div>\r\n\t\t\t<div class=\"card-body\">\r\n\t\t\t  <div class=\"category-top\">\r\n\t\t\t\t<span class=\"category\">\r\n\t\t\t\t  <svg class=\"icon icon-secondary\">\r\n\t\t\t\t\t<use xlink:href=\"https:\/\/www.esteri.it\/wp-content\/themes\/mae\/assets\/svg\/sprite.svg#it-calendar\"><\/use>\r\n\t\t\t\t  <\/svg>\r\n\t\t\t\t<\/span>\r\n\t\t\t\t<span class=\"data\">2 Settembre 2026<\/span>\r\n\t\t\t  <\/div>\r\n\t\t\t  <h5 class=\"card-title big-heading text-uppercase\"><a class=\"text-body text-decoration-none\" href=\"https:\/\/www.esteri.it\/it\/sala_stampa\/archivionotizie\/retediplomatica\/2026\/09\/zurigo-inaugurazione-dellanno-scolastico-nella-rinnovata-casa-ditalia\/\" title=\"Zurigo, inaugurazione dell\u2019anno scolastico nella rinnovata Casa d\u2019Italia\">Zurigo, inaugurazione dell\u2019anno scolastico nella rinnovata Casa d\u2019Italia<\/a><\/h5>\r\n\t\t\t  <p class=\"card-text\">Con l\u2019inaugurazione dell\u2019anno scolastico 2026-2027 nei locali appena ristrutturati dell\u2019edificio storico \u201cCasa d\u2019Italia\u201d, si apre una nuova pagina nella storia della presenza italiana a Zurigo. L\u2019avvio delle attivit\u00e0 scolastiche costituisce un primo e fondamentale risultato che sar\u00e0 seguito, nei prossimi mesi, dal completamento della restituzione alla piena funzionalit\u00e0 dell\u2019intero complesso. In autunno sar\u00e0 infatti inaugurata [&hellip;]<\/p>\r\n\t\t\t  <a title=\"Zurigo, inaugurazione dell\u2019anno scolastico nella rinnovata Casa d\u2019Italia\" class=\"read-more\" href=\"https:\/\/www.esteri.it\/it\/sala_stampa\/archivionotizie\/retediplomatica\/2026\/09\/zurigo-inaugurazione-dellanno-scolastico-nella-rinnovata-casa-ditalia\/\">\r\n\t\t\t\t<span class=\"text\">Leggi di pi\u00f9<\/span>\r\n\t\t\t\t<svg class=\"icon\">\r\n\t\t\t\t  <use xlink:href=\"https:\/\/www.esteri.it\/wp-content\/themes\/mae\/assets\/svg\/sprite.svg#it-arrow-right\"><\/use>\r\n\t\t\t\t<\/svg>\r\n\t\t\t  <\/a>\r\n\t\t\t<\/div>\r\n\t\t  <\/div>\r\n\t\t<\/div>\r\n\t\t<!--end card-->\r\n\t\t<\/div><!-- col-12 .mt-3-->\r\n\t\t<div class=\"col-12 col-lg-6 mt-3\">\r\n\t\t<!--start card-->\r\n\t\t<div class=\"card-wrapper\">\r\n\t\t  <div class=\"card card-img card-bg card-big border-bottom-card\">\r\n\t\t\t<div class=\"img-responsive-wrapper\">\r\n\t\t\t\t<div class=\"img-responsive\">\r\n\t\t\t\t\t<figure class=\"img-wrapper\">\r\n\t\t\t\t\t\t<img decoding=\"async\" loading=\"lazy\" width=\"416\" height=\"255\" src=\"https:\/\/www.esteri.it\/wp-content\/uploads\/2026\/08\/Bangalore-tech-summit-novembre-2026-768x384.jpeg\" srcset= \"https:\/\/www.esteri.it\/wp-content\/uploads\/2026\/08\/Bangalore-tech-summit-novembre-2026.jpeg 800w, https:\/\/www.esteri.it\/wp-content\/uploads\/2026\/08\/Bangalore-tech-summit-novembre-2026-300x150.jpeg 300w, https:\/\/www.esteri.it\/wp-content\/uploads\/2026\/08\/Bangalore-tech-summit-novembre-2026-768x384.jpeg 768w\" sizes=\"auto, (max-width: 800px) 100vw, 800px\" title=\"Bangalore-tech-summit-novembre-2026\" alt=\"Bangalore-tech-summit-novembre-2026\" class=\"img-fluid\">\r\n\t\t\t\t\t<\/figure>\r\n\t\t\t\t<\/div>\r\n\t\t\t<\/div>\r\n\t\t\t<div class=\"card-body\">\r\n\t\t\t  <div class=\"category-top\">\r\n\t\t\t\t<span class=\"category\">\r\n\t\t\t\t  <svg class=\"icon icon-secondary\">\r\n\t\t\t\t\t<use xlink:href=\"https:\/\/www.esteri.it\/wp-content\/themes\/mae\/assets\/svg\/sprite.svg#it-calendar\"><\/use>\r\n\t\t\t\t  <\/svg>\r\n\t\t\t\t<\/span>\r\n\t\t\t\t<span class=\"data\">31 Agosto 2026<\/span>\r\n\t\t\t  <\/div>\r\n\t\t\t  <h5 class=\"card-title big-heading text-uppercase\"><a class=\"text-body text-decoration-none\" href=\"https:\/\/www.esteri.it\/it\/sala_stampa\/archivionotizie\/diplomazia-economica\/2026\/08\/bengaluru-tech-summit-2026-aperte-le-candidature-per-il-padiglione-nazionale-italia\/\" title=\"Bengaluru Tech Summit 2026: aperte le candidature per il Padiglione Nazionale Italia\">Bengaluru Tech Summit 2026: aperte le candidature per il Padiglione Nazionale Italia<\/a><\/h5>\r\n\t\t\t  <p class=\"card-text\">Sono aperte le candidature per la partecipazione di startup e PMI innovative italiane al Bengaluru Tech Summit 2026, in programma dal 17 al 19 novembre 2026 presso il Bangalore International Exhibition Centre. Il Bengaluru Tech Summit \u00e8 il principale appuntamento dedicato alla tecnologia e all\u2019innovazione in India e uno dei pi\u00f9 importanti del continente asiatico. [&hellip;]<\/p>\r\n\t\t\t  <a title=\"Bengaluru Tech Summit 2026: aperte le candidature per il Padiglione Nazionale Italia\" class=\"read-more\" href=\"https:\/\/www.esteri.it\/it\/sala_stampa\/archivionotizie\/diplomazia-economica\/2026\/08\/bengaluru-tech-summit-2026-aperte-le-candidature-per-il-padiglione-nazionale-italia\/\">\r\n\t\t\t\t<span class=\"text\">Leggi di pi\u00f9<\/span>\r\n\t\t\t\t<svg class=\"icon\">\r\n\t\t\t\t  <use xlink:href=\"https:\/\/www.esteri.it\/wp-content\/themes\/mae\/assets\/svg\/sprite.svg#it-arrow-right\"><\/use>\r\n\t\t\t\t<\/svg>\r\n\t\t\t  <\/a>\r\n\t\t\t<\/div>\r\n\t\t  <\/div>\r\n\t\t<\/div>\r\n\t\t<!--end card-->\r\n\t\t<\/div><!-- col-12 .mt-3-->\r\n\t\t<div class=\"col-12 col-lg-6 mt-3\">\r\n\t\t<!--start card-->\r\n\t\t<div class=\"card-wrapper\">\r\n\t\t  <div class=\"card card-img card-bg card-big border-bottom-card\">\r\n\t\t\t<div class=\"img-responsive-wrapper\">\r\n\t\t\t\t<div class=\"img-responsive\">\r\n\t\t\t\t\t<figure class=\"img-wrapper\">\r\n\t\t\t\t\t\t<img decoding=\"async\" loading=\"lazy\" width=\"416\" height=\"255\" src=\"https:\/\/www.esteri.it\/wp-content\/uploads\/2026\/08\/teheran_3-768x569.jpg\" srcset= \"https:\/\/www.esteri.it\/wp-content\/uploads\/2026\/08\/teheran_3.jpg 853w, https:\/\/www.esteri.it\/wp-content\/uploads\/2026\/08\/teheran_3-300x222.jpg 300w, https:\/\/www.esteri.it\/wp-content\/uploads\/2026\/08\/teheran_3-768x569.jpg 768w\" sizes=\"auto, (max-width: 853px) 100vw, 853px\" title=\"Teheran, Recupero e restauro della \u201cSfera Grande\u201d di Pomodoro\" alt=\"Teheran, Recupero e restauro della \u201cSfera Grande\u201d di Pomodoro\" class=\"img-fluid\">\r\n\t\t\t\t\t<\/figure>\r\n\t\t\t\t<\/div>\r\n\t\t\t<\/div>\r\n\t\t\t<div class=\"card-body\">\r\n\t\t\t  <div class=\"category-top\">\r\n\t\t\t\t<span class=\"category\">\r\n\t\t\t\t  <svg class=\"icon icon-secondary\">\r\n\t\t\t\t\t<use xlink:href=\"https:\/\/www.esteri.it\/wp-content\/themes\/mae\/assets\/svg\/sprite.svg#it-calendar\"><\/use>\r\n\t\t\t\t  <\/svg>\r\n\t\t\t\t<\/span>\r\n\t\t\t\t<span class=\"data\">31 Agosto 2026<\/span>\r\n\t\t\t  <\/div>\r\n\t\t\t  <h5 class=\"card-title big-heading text-uppercase\"><a class=\"text-body text-decoration-none\" href=\"https:\/\/www.esteri.it\/it\/sala_stampa\/archivionotizie\/retediplomatica\/2026\/08\/teheran-recupero-e-restauro-della-sfera-grande-di-pomodoro\/\" title=\"Teheran, Recupero e restauro della \u201cSfera Grande\u201d di Pomodoro\">Teheran, Recupero e restauro della \u201cSfera Grande\u201d di Pomodoro<\/a><\/h5>\r\n\t\t\t  <p class=\"card-text\">Lo scorso 23 agosto s\u00ec \u00e8 tenuta la cerimonia di inaugurazione della \u201cSfera Grande\u201d di Arnaldo Pomodoro, sottoposta a interventi di conservazione e restauro durati oltre un anno. L\u2019evento, a cui era presente per l\u2019Ambasciata il Primo Segretario responsabile del settore culturale Emanuele Marchi, ha contribuito a commemorare il centenario della nascita del noto artista [&hellip;]<\/p>\r\n\t\t\t  <a title=\"Teheran, Recupero e restauro della \u201cSfera Grande\u201d di Pomodoro\" class=\"read-more\" href=\"https:\/\/www.esteri.it\/it\/sala_stampa\/archivionotizie\/retediplomatica\/2026\/08\/teheran-recupero-e-restauro-della-sfera-grande-di-pomodoro\/\">\r\n\t\t\t\t<span class=\"text\">Leggi di pi\u00f9<\/span>\r\n\t\t\t\t<svg class=\"icon\">\r\n\t\t\t\t  <use xlink:href=\"https:\/\/www.esteri.it\/wp-content\/themes\/mae\/assets\/svg\/sprite.svg#it-arrow-right\"><\/use>\r\n\t\t\t\t<\/svg>\r\n\t\t\t  <\/a>\r\n\t\t\t<\/div>\r\n\t\t  <\/div>\r\n\t\t<\/div>\r\n\t\t<!--end card-->\r\n\t\t<\/div><!-- col-12 .mt-3-->\r\n\t\t<div class=\"col-12 col-lg-6 mt-3\">\r\n\t\t<!--start card-->\r\n\t\t<div class=\"card-wrapper\">\r\n\t\t  <div class=\"card card-img card-bg card-big border-bottom-card\">\r\n\t\t\t<div class=\"img-responsive-wrapper\">\r\n\t\t\t\t<div class=\"img-responsive\">\r\n\t\t\t\t\t<figure class=\"img-wrapper\">\r\n\t\t\t\t\t\t<img decoding=\"async\" loading=\"lazy\" width=\"416\" height=\"255\" src=\"https:\/\/www.esteri.it\/wp-content\/uploads\/2026\/08\/RepCorea-Italia-UNDP-Roma-2026-768x384.jpg\" srcset= \"https:\/\/www.esteri.it\/wp-content\/uploads\/2026\/08\/RepCorea-Italia-UNDP-Roma-2026.jpg 800w, https:\/\/www.esteri.it\/wp-content\/uploads\/2026\/08\/RepCorea-Italia-UNDP-Roma-2026-300x150.jpg 300w, https:\/\/www.esteri.it\/wp-content\/uploads\/2026\/08\/RepCorea-Italia-UNDP-Roma-2026-768x384.jpg 768w\" sizes=\"auto, (max-width: 800px) 100vw, 800px\" title=\"Il Governatore della Provincia coreana di Chungcheongnam-do in visita all\u2019AI Hub for Sustainable Development di Roma\" alt=\"Il Governatore della Provincia coreana di Chungcheongnam-do in visita all\u2019AI Hub for Sustainable Development di Roma\" class=\"img-fluid\">\r\n\t\t\t\t\t<\/figure>\r\n\t\t\t\t<\/div>\r\n\t\t\t<\/div>\r\n\t\t\t<div class=\"card-body\">\r\n\t\t\t  <div class=\"category-top\">\r\n\t\t\t\t<span class=\"category\">\r\n\t\t\t\t  <svg class=\"icon icon-secondary\">\r\n\t\t\t\t\t<use xlink:href=\"https:\/\/www.esteri.it\/wp-content\/themes\/mae\/assets\/svg\/sprite.svg#it-calendar\"><\/use>\r\n\t\t\t\t  <\/svg>\r\n\t\t\t\t<\/span>\r\n\t\t\t\t<span class=\"data\">28 Agosto 2026<\/span>\r\n\t\t\t  <\/div>\r\n\t\t\t  <h5 class=\"card-title big-heading text-uppercase\"><a class=\"text-body text-decoration-none\" href=\"https:\/\/www.esteri.it\/it\/sala_stampa\/archivionotizie\/diplomazia-economica\/2026\/08\/il-governatore-della-provincia-coreana-di-chungcheongnam-do-in-visita-allai-hub-for-sustainable-development-di-roma\/\" title=\"Il Governatore della Provincia coreana di Chungcheongnam-do in visita all\u2019AI Hub for Sustainable Development di Roma\">Il Governatore della Provincia coreana di Chungcheongnam-do in visita all\u2019AI Hub for Sustainable Development di Roma<\/a><\/h5>\r\n\t\t\t  <p class=\"card-text\">Il Governatore della Provincia coreana di Chungcheongnam-do, Park Soo-hyun, ha visitato l\u2019AI Hub for Sustainable Development di Roma, nell\u2019ambito di una pi\u00f9 ampia missione in Italia. La visita, svoltasi il 27 agosto, ha fatto seguito a una richiesta della Provincia coreana, che si presenta come capitale dell\u2019intelligenza artificiale della Repubblica di Corea, interessata ad approfondire [&hellip;]<\/p>\r\n\t\t\t  <a title=\"Il Governatore della Provincia coreana di Chungcheongnam-do in visita all\u2019AI Hub for Sustainable Development di Roma\" class=\"read-more\" href=\"https:\/\/www.esteri.it\/it\/sala_stampa\/archivionotizie\/diplomazia-economica\/2026\/08\/il-governatore-della-provincia-coreana-di-chungcheongnam-do-in-visita-allai-hub-for-sustainable-development-di-roma\/\">\r\n\t\t\t\t<span class=\"text\">Leggi di pi\u00f9<\/span>\r\n\t\t\t\t<svg class=\"icon\">\r\n\t\t\t\t  <use xlink:href=\"https:\/\/www.esteri.it\/wp-content\/themes\/mae\/assets\/svg\/sprite.svg#it-arrow-right\"><\/use>\r\n\t\t\t\t<\/svg>\r\n\t\t\t  <\/a>\r\n\t\t\t<\/div>\r\n\t\t  <\/div>\r\n\t\t<\/div>\r\n\t\t<!--end card-->\r\n\t\t<\/div><!-- col-12 .mt-3-->\r\n\t\t<div class=\"col-12 col-lg-6 mt-3\">\r\n\t\t<!--start card-->\r\n\t\t<div class=\"card-wrapper\">\r\n\t\t  <div class=\"card card-img card-bg card-big border-bottom-card\">\r\n\t\t\t<div class=\"img-responsive-wrapper\">\r\n\t\t\t\t<div class=\"img-responsive\">\r\n\t\t\t\t\t<figure class=\"img-wrapper\">\r\n\t\t\t\t\t\t<img decoding=\"async\" loading=\"lazy\" width=\"416\" height=\"255\" src=\"https:\/\/www.esteri.it\/wp-content\/uploads\/2026\/08\/IIC-Tokyo-Artemisia-1-768x512.jpg\" srcset= \"https:\/\/www.esteri.it\/wp-content\/uploads\/2026\/08\/IIC-Tokyo-Artemisia-1-scaled.jpg 2560w, https:\/\/www.esteri.it\/wp-content\/uploads\/2026\/08\/IIC-Tokyo-Artemisia-1-300x200.jpg 300w, https:\/\/www.esteri.it\/wp-content\/uploads\/2026\/08\/IIC-Tokyo-Artemisia-1-1024x683.jpg 1024w, https:\/\/www.esteri.it\/wp-content\/uploads\/2026\/08\/IIC-Tokyo-Artemisia-1-768x512.jpg 768w, https:\/\/www.esteri.it\/wp-content\/uploads\/2026\/08\/IIC-Tokyo-Artemisia-1-1536x1024.jpg 1536w, https:\/\/www.esteri.it\/wp-content\/uploads\/2026\/08\/IIC-Tokyo-Artemisia-1-2048x1365.jpg 2048w\" sizes=\"auto, (max-width: 2560px) 100vw, 2560px\" title=\"Tokyo, Artemisia Gentileschi protagonista con \u201cSlaying Holofernes\u201d\" alt=\"Tokyo, Artemisia Gentileschi protagonista con \u201cSlaying Holofernes\u201d\" class=\"img-fluid\">\r\n\t\t\t\t\t<\/figure>\r\n\t\t\t\t<\/div>\r\n\t\t\t<\/div>\r\n\t\t\t<div class=\"card-body\">\r\n\t\t\t  <div class=\"category-top\">\r\n\t\t\t\t<span class=\"category\">\r\n\t\t\t\t  <svg class=\"icon icon-secondary\">\r\n\t\t\t\t\t<use xlink:href=\"https:\/\/www.esteri.it\/wp-content\/themes\/mae\/assets\/svg\/sprite.svg#it-calendar\"><\/use>\r\n\t\t\t\t  <\/svg>\r\n\t\t\t\t<\/span>\r\n\t\t\t\t<span class=\"data\">28 Agosto 2026<\/span>\r\n\t\t\t  <\/div>\r\n\t\t\t  <h5 class=\"card-title big-heading text-uppercase\"><a class=\"text-body text-decoration-none\" href=\"https:\/\/www.esteri.it\/it\/sala_stampa\/archivionotizie\/diplomazia-culturale\/2026\/08\/tokyo-artemisia-gentileschi-protagonista-con-slaying-holofernes\/\" title=\"Tokyo, Artemisia Gentileschi protagonista con \u201cSlaying Holofernes\u201d\">Tokyo, Artemisia Gentileschi protagonista con \u201cSlaying Holofernes\u201d<\/a><\/h5>\r\n\t\t\t  <p class=\"card-text\">Si \u00e8 svolta presso l\u2019Auditorium dell\u2019Istituto Italiano di Cultura di Tokyo una serata dedicata ad Artemisia Gentileschi, una delle pi\u00f9 celebri pittrici del Seicento italiano, con la proiezione del film di animazione \u201cSlaying Holofernes\u201d, diretto da Kurumi Hakamata. L\u2019evento \u00e8 stato introdotto dai saluti di Luca Marini, reggente dell\u2019Istituto italiano di cultura di Tokyo, cui [&hellip;]<\/p>\r\n\t\t\t  <a title=\"Tokyo, Artemisia Gentileschi protagonista con \u201cSlaying Holofernes\u201d\" class=\"read-more\" href=\"https:\/\/www.esteri.it\/it\/sala_stampa\/archivionotizie\/diplomazia-culturale\/2026\/08\/tokyo-artemisia-gentileschi-protagonista-con-slaying-holofernes\/\">\r\n\t\t\t\t<span class=\"text\">Leggi di pi\u00f9<\/span>\r\n\t\t\t\t<svg class=\"icon\">\r\n\t\t\t\t  <use xlink:href=\"https:\/\/www.esteri.it\/wp-content\/themes\/mae\/assets\/svg\/sprite.svg#it-arrow-right\"><\/use>\r\n\t\t\t\t<\/svg>\r\n\t\t\t  <\/a>\r\n\t\t\t<\/div>\r\n\t\t  <\/div>\r\n\t\t<\/div>\r\n\t\t<!--end card-->\r\n\t\t<\/div><!-- col-12 .mt-3-->\r\n\t\t<div class=\"col-12 col-lg-6 mt-3\">\r\n\t\t<!--start card-->\r\n\t\t<div class=\"card-wrapper\">\r\n\t\t  <div class=\"card card-img card-bg card-big border-bottom-card\">\r\n\t\t\t<div class=\"img-responsive-wrapper\">\r\n\t\t\t\t<div class=\"img-responsive\">\r\n\t\t\t\t\t<figure class=\"img-wrapper\">\r\n\t\t\t\t\t\t<img decoding=\"async\" loading=\"lazy\" width=\"416\" height=\"255\" src=\"https:\/\/www.esteri.it\/wp-content\/uploads\/2026\/08\/monaco-1-768x513.jpg\" srcset= \"https:\/\/www.esteri.it\/wp-content\/uploads\/2026\/08\/monaco-1.jpg 1500w, https:\/\/www.esteri.it\/wp-content\/uploads\/2026\/08\/monaco-1-300x200.jpg 300w, https:\/\/www.esteri.it\/wp-content\/uploads\/2026\/08\/monaco-1-1024x683.jpg 1024w, https:\/\/www.esteri.it\/wp-content\/uploads\/2026\/08\/monaco-1-768x513.jpg 768w\" sizes=\"auto, (max-width: 1500px) 100vw, 1500px\" title=\"Principato di Monaco, XXI Edizione della regata velica Palermo\u2013Montecarlo\" alt=\"Principato di Monaco, XXI Edizione della regata velica Palermo\u2013Montecarlo\" class=\"img-fluid\">\r\n\t\t\t\t\t<\/figure>\r\n\t\t\t\t<\/div>\r\n\t\t\t<\/div>\r\n\t\t\t<div class=\"card-body\">\r\n\t\t\t  <div class=\"category-top\">\r\n\t\t\t\t<span class=\"category\">\r\n\t\t\t\t  <svg class=\"icon icon-secondary\">\r\n\t\t\t\t\t<use xlink:href=\"https:\/\/www.esteri.it\/wp-content\/themes\/mae\/assets\/svg\/sprite.svg#it-calendar\"><\/use>\r\n\t\t\t\t  <\/svg>\r\n\t\t\t\t<\/span>\r\n\t\t\t\t<span class=\"data\">26 Agosto 2026<\/span>\r\n\t\t\t  <\/div>\r\n\t\t\t  <h5 class=\"card-title big-heading text-uppercase\"><a class=\"text-body text-decoration-none\" href=\"https:\/\/www.esteri.it\/it\/sala_stampa\/archivionotizie\/retediplomatica\/2026\/08\/principato-di-monaco-xxi-edizione-della-regata-velica-palermo-montecarlo\/\" title=\"Principato di Monaco, XXI Edizione della regata velica Palermo\u2013Montecarlo\">Principato di Monaco, XXI Edizione della regata velica Palermo\u2013Montecarlo<\/a><\/h5>\r\n\t\t\t  <p class=\"card-text\">Lo scorso 23 agosto 2026, con l\u2019arrivo nel Principato di Monaco si \u00e8 conclusa la XXI edizione della Palermo\u2013Montecarlo, una delle regate d\u2019altura pi\u00f9 prestigiose del Mediterraneo, organizzata dal Circolo della Vela Sicilia insieme allo Yacht Club de Monaco e con la collaborazione dello Yacht Club Costa Smeralda. Alla cerimonia conclusiva di premiazione hanno preso [&hellip;]<\/p>\r\n\t\t\t  <a title=\"Principato di Monaco, XXI Edizione della regata velica Palermo\u2013Montecarlo\" class=\"read-more\" href=\"https:\/\/www.esteri.it\/it\/sala_stampa\/archivionotizie\/retediplomatica\/2026\/08\/principato-di-monaco-xxi-edizione-della-regata-velica-palermo-montecarlo\/\">\r\n\t\t\t\t<span class=\"text\">Leggi di pi\u00f9<\/span>\r\n\t\t\t\t<svg class=\"icon\">\r\n\t\t\t\t  <use xlink:href=\"https:\/\/www.esteri.it\/wp-content\/themes\/mae\/assets\/svg\/sprite.svg#it-arrow-right\"><\/use>\r\n\t\t\t\t<\/svg>\r\n\t\t\t  <\/a>\r\n\t\t\t<\/div>\r\n\t\t  <\/div>\r\n\t\t<\/div>\r\n\t\t<!--end card-->\r\n\t\t<\/div><!-- col-12 .mt-3-->\r\n\t\t<div class=\"col-12 col-lg-6 mt-3\">\r\n\t\t<!--start card-->\r\n\t\t<div class=\"card-wrapper\">\r\n\t\t  <div class=\"card card-img card-bg card-big border-bottom-card\">\r\n\t\t\t<div class=\"img-responsive-wrapper\">\r\n\t\t\t\t<div class=\"img-responsive\">\r\n\t\t\t\t\t<figure class=\"img-wrapper\">\r\n\t\t\t\t\t\t<img decoding=\"async\" loading=\"lazy\" width=\"416\" height=\"255\" src=\"https:\/\/www.esteri.it\/wp-content\/uploads\/2026\/08\/mongolia-768x512.jpeg\" srcset= \"https:\/\/www.esteri.it\/wp-content\/uploads\/2026\/08\/mongolia.jpeg 1600w, https:\/\/www.esteri.it\/wp-content\/uploads\/2026\/08\/mongolia-300x200.jpeg 300w, https:\/\/www.esteri.it\/wp-content\/uploads\/2026\/08\/mongolia-1024x683.jpeg 1024w, https:\/\/www.esteri.it\/wp-content\/uploads\/2026\/08\/mongolia-768x512.jpeg 768w, https:\/\/www.esteri.it\/wp-content\/uploads\/2026\/08\/mongolia-1536x1024.jpeg 1536w\" sizes=\"auto, (max-width: 1600px) 100vw, 1600px\" title=\"\u201cIl Terzo Paradiso\u201d di Pistoletto in Mongolia\" alt=\"\u201cIl Terzo Paradiso\u201d di Pistoletto in Mongolia\" class=\"img-fluid\">\r\n\t\t\t\t\t<\/figure>\r\n\t\t\t\t<\/div>\r\n\t\t\t<\/div>\r\n\t\t\t<div class=\"card-body\">\r\n\t\t\t  <div class=\"category-top\">\r\n\t\t\t\t<span class=\"category\">\r\n\t\t\t\t  <svg class=\"icon icon-secondary\">\r\n\t\t\t\t\t<use xlink:href=\"https:\/\/www.esteri.it\/wp-content\/themes\/mae\/assets\/svg\/sprite.svg#it-calendar\"><\/use>\r\n\t\t\t\t  <\/svg>\r\n\t\t\t\t<\/span>\r\n\t\t\t\t<span class=\"data\">24 Agosto 2026<\/span>\r\n\t\t\t  <\/div>\r\n\t\t\t  <h5 class=\"card-title big-heading text-uppercase\"><a class=\"text-body text-decoration-none\" href=\"https:\/\/www.esteri.it\/it\/sala_stampa\/archivionotizie\/retediplomatica\/2026\/08\/ulanbataar-il-terzo-paradiso-di-pistoletto-in-mongolia-per-la-cop17-unccd\/\" title=\"Ulanbataar, \u201cIl Terzo Paradiso\u201d di Pistoletto in Mongolia per la CoP17 UNCCD\">Ulanbataar, \u201cIl Terzo Paradiso\u201d di Pistoletto in Mongolia per la CoP17 UNCCD<\/a><\/h5>\r\n\t\t\t  <p class=\"card-text\">Il Terzo Paradiso di Michelangelo Pistoletto arriva a Ulaanbaatar come opera permanente che unisce arte contemporanea, cultura mongola e rigenerazione ambientale. Promossa dall\u2019Ambasciata d\u2019Italia in Mongolia, dal Ministero della Cultura, Sport, Turismo e Giovent\u00f9 della Mongolia e da Fondazione Pistoletto Cittadellarte, l\u2019iniziativa nasce dal dialogo tra il segno di Pistoletto e Narrow Path di Battogtokh [&hellip;]<\/p>\r\n\t\t\t  <a title=\"Ulanbataar, \u201cIl Terzo Paradiso\u201d di Pistoletto in Mongolia per la CoP17 UNCCD\" class=\"read-more\" href=\"https:\/\/www.esteri.it\/it\/sala_stampa\/archivionotizie\/retediplomatica\/2026\/08\/ulanbataar-il-terzo-paradiso-di-pistoletto-in-mongolia-per-la-cop17-unccd\/\">\r\n\t\t\t\t<span class=\"text\">Leggi di pi\u00f9<\/span>\r\n\t\t\t\t<svg class=\"icon\">\r\n\t\t\t\t  <use xlink:href=\"https:\/\/www.esteri.it\/wp-content\/themes\/mae\/assets\/svg\/sprite.svg#it-arrow-right\"><\/use>\r\n\t\t\t\t<\/svg>\r\n\t\t\t  <\/a>\r\n\t\t\t<\/div>\r\n\t\t  <\/div>\r\n\t\t<\/div>\r\n\t\t<!--end card-->\r\n\t\t<\/div><!-- col-12 .mt-3--><div class=\"col-md-12 mt-4 pb-4\">\r\n\t  \t\t\t\t<nav class=\"navigation col-md-12\" aria-label=\"Navigation\">\r\n\t\t\t<h2 class=\"screen-reader-text visually-hidden\">Paginazione<\/h2>\r\n\t\t\t<div class=\"nav-links\"><span aria-current=\"page\" class=\"page-numbers current\">1<\/span>\n<a class=\"page-numbers\" href=\"https:\/\/www.esteri.it\/it\/wp-json\/wp\/v2\/pages\/199\/?pag=2\">2<\/a>\n<a class=\"page-numbers\" href=\"https:\/\/www.esteri.it\/it\/wp-json\/wp\/v2\/pages\/199\/?pag=3\">3<\/a>\n<span class=\"page-numbers dots\">&hellip;<\/span>\n<a class=\"page-numbers\" href=\"https:\/\/www.esteri.it\/it\/wp-json\/wp\/v2\/pages\/199\/?pag=434\">434<\/a>\n<a class=\"next page-numbers\" href=\"https:\/\/www.esteri.it\/it\/wp-json\/wp\/v2\/pages\/199\/?pag=2\"><svg class=\"icon icon-primary\"><use xlink:href=\"https:\/\/www.esteri.it\/wp-content\/themes\/mae\/assets\/svg\/sprite.svg#it-chevron-right\"><\/use><\/svg>\r\n\t\t\t\t\t\t<span class=\"visually-hidden\">Pagina successiva<\/span><\/a><\/div><\/nav><\/div><\/div>\n","protected":false},"excerpt":{"rendered":"","protected":false},"author":1,"featured_media":0,"parent":78,"menu_order":3,"comment_status":"closed","ping_status":"closed","template":"","meta":{"footnotes":""},"class_list":["post-199","page","type-page","status-publish","hentry"],"_links":{"self":[{"href":"https:\/\/www.esteri.it\/it\/wp-json\/wp\/v2\/pages\/199","targetHints":{"allow":["GET"]}}],"collection":[{"href":"https:\/\/www.esteri.it\/it\/wp-json\/wp\/v2\/pages"}],"about":[{"href":"https:\/\/www.esteri.it\/it\/wp-json\/wp\/v2\/types\/page"}],"author":[{"embeddable":true,"href":"https:\/\/www.esteri.it\/it\/wp-json\/wp\/v2\/users\/1"}],"replies":[{"embeddable":true,"href":"https:\/\/www.esteri.it\/it\/wp-json\/wp\/v2\/comments?post=199"}],"version-history":[{"count":4,"href":"https:\/\/www.esteri.it\/it\/wp-json\/wp\/v2\/pages\/199\/revisions"}],"predecessor-version":[{"id":165700,"href":"https:\/\/www.esteri.it\/it\/wp-json\/wp\/v2\/pages\/199\/revisions\/165700"}],"up":[{"embeddable":true,"href":"https:\/\/www.esteri.it\/it\/wp-json\/wp\/v2\/pages\/78"}],"wp:attachment":[{"href":"https:\/\/www.esteri.it\/it\/wp-json\/wp\/v2\/media?parent=199"}],"curies":[{"name":"wp","href":"https:\/\/api.w.org\/{rel}","templated":true}]}}