{"id":29371,"date":"2021-07-05T12:48:19","date_gmt":"2021-07-05T10:48:19","guid":{"rendered":"https:\/\/www.esteri.it\/?page_id=29371"},"modified":"2021-09-02T11:37:52","modified_gmt":"2021-09-02T09:37:52","slug":"interviste","status":"publish","type":"page","link":"https:\/\/www.esteri.it\/it\/ministero\/ministro\/comunicazione\/interviste\/","title":{"rendered":"Interviste e Articoli del Ministro"},"content":{"rendered":"\r\n\t\t<div class=\"row\">\r\n\t\t\t<!-- Ricerca bandi end -->\r\n\t\t\t<div class=\"col-12 mt-4\">\r\n\t\t\t  <div class=\"callout callout-highlight note ricerca-esteri p-4\">\r\n\t\t\t\t<div class=\"callout-title\">\r\n\t\t\t\t\t<svg class=\"icon\">\r\n\t\t\t\t\t\t<use xlink:href=\"https:\/\/www.esteri.it\/wp-content\/themes\/mae\/assets\/svg\/sprite.svg#it-search\"><\/use>\r\n\t\t\t\t\t  <\/svg>Inserisci i parametri di ricerca\r\n\t\t\t\t  <\/div>\r\n\t\t\t\t<form name=\"form-bandi-end\" class=\"form-row align-items-center\" action=\"https:\/\/www.esteri.it\/it\/wp-json\/wp\/v2\/pages\/29371\/\" method=\"GET\"> \r\n\t\t\t\t\t<div class=\"row pt-2\">\r\n\t\t\t\t\t\t<input type=\"hidden\" id=\"lang\" name=\"lang\" value=\"it\"> \n    <div class=\"form-group col-md-6\">\n        <label class=\"active\" id=\"searchTextLabel\" for=\"searchText\">Ricerca per nome<\/label>\n        <input type=\"text\" class=\"form-control\" id=\"searchText\" name=\"text\" >\n    <\/div>\n    \n     <div class=\" form-group col-md-3\">\n     <div class=\"select-wrapper\">\n       <label>Anno<\/label> \n       <select name=\"anno_pub\">\n       <option value=\"\">Nessuna Selezione<\/option>\n         <option value=\"2026\">2026<\/option><option value=\"2025\">2025<\/option><option value=\"2024\">2024<\/option><option value=\"2023\">2023<\/option><option value=\"2022\">2022<\/option><option value=\"2021\">2021<\/option><option value=\"2020\">2020<\/option><option value=\"2019\">2019<\/option><option value=\"2018\">2018<\/option><option value=\"2017\">2017<\/option><option value=\"2016\">2016<\/option>\n       <\/select>\n     <\/div>\n   <\/div>\n        <div class=\" form-group col-md-3\">\n            <div class=\"select-wrapper\">\n            <label>Mese<\/label>\n            <select name=\"mese_pub\">\n         <option value=\"\" selected>Tutti i mesi<\/option><option value=\"1\">Gennaio<\/option><option value=\"2\">Febbraio<\/option><option value=\"3\">Marzo<\/option><option value=\"4\">Aprile<\/option><option value=\"5\">Maggio<\/option><option value=\"6\">Giugno<\/option><option value=\"7\">Luglio<\/option><option value=\"8\">Agosto<\/option><option value=\"9\">Settembre<\/option><option value=\"10\">Ottobre<\/option><option value=\"11\">Novembre<\/option><option value=\"12\">Dicembre<\/option>\n       <\/select>\n     <\/div>\n   <\/div><\/div><div class=\"form-group col-md-12 pt-2 text-end\">\r\n\t\t\t\t\t\t<a href=\"https:\/\/www.esteri.it\/it\/wp-json\/wp\/v2\/pages\/29371\/\" class=\"btn btn-outline-primary btn-xs\">Reset<\/a>\r\n\t\t\t\t\t<button type=\"submit\" class=\"btn btn-primary btn-xs\">Mostra risultati<\/button>\r\n\t\t\t\t\t<\/div>\r\n\t\t\t\t<\/form>\r\n\t\t\t\t<\/div>\r\n\t\t\t<\/div>\r\n\t\t<\/div><div class=\"row\">\r\n\t\t<div class=\"col-12 mt-3\">\r\n\t\t<!--start card-->\r\n\t\t<div class=\"card-wrapper\">\r\n\t\t  <div class=\"card card-bg card-big border-bottom-card\">\r\n\t\t\t<div class=\"card-body\">\r\n\t\t\t  <div class=\"category-top\">\r\n\t\t\t\t<span class=\"category\">\r\n\t\t\t\t  <svg class=\"icon icon-secondary\">\r\n\t\t\t\t\t<use xlink:href=\"https:\/\/www.esteri.it\/wp-content\/themes\/mae\/assets\/svg\/sprite.svg#it-calendar\"><\/use>\r\n\t\t\t\t  <\/svg>\r\n\t\t\t\t<\/span>\r\n\t\t\t\t<span class=\"data\">4 Settembre 2026<\/span>\r\n\t\t\t  <\/div>\r\n\t\t\t  <h5 class=\"card-title big-heading text-uppercase\"><a class=\"text-body text-decoration-none\" href=\"https:\/\/www.esteri.it\/it\/sala_stampa\/archivionotizie\/interviste\/2026\/09\/tajani-obiettivo-700-miliardi-per-lexport-entro-la-fine-del-2027\/\" title=\"Tajani: \u00abObiettivo 700 miliardi per l&#8217;export entro la fine del 2027\u00bb\">Tajani: \u00abObiettivo 700 miliardi per l&#8217;export entro la fine del 2027\u00bb<\/a><\/h5>\r\n\t\t\t  <p class=\"card-text\">Dietro la corsa dell&#8217;export italiano c&#8217;\u00e8 (anche) un ministero degli Esteri che, grazie a una riforma sostanziale (e probabilmente culturale) scattata all&#8217;inizio dell&#8217;anno, affianca sempre pi\u00f9 le aziende che guardano ai mercati internazionali. \u00abLe nostre ambasciate non devono essere un luogo dove si fanno ricevimenti con tartine e dolcetti, ma luoghi operativi da dove prende [&hellip;]<\/p>\r\n\t\t\t  <a title=\"Tajani: \u00abObiettivo 700 miliardi per l&#8217;export entro la fine del 2027\u00bb\" class=\"read-more\" href=\"https:\/\/www.esteri.it\/it\/sala_stampa\/archivionotizie\/interviste\/2026\/09\/tajani-obiettivo-700-miliardi-per-lexport-entro-la-fine-del-2027\/\">\r\n\t\t\t\t<span class=\"text\">Leggi di pi\u00f9<\/span>\r\n\t\t\t\t<svg class=\"icon\">\r\n\t\t\t\t  <use xlink:href=\"https:\/\/www.esteri.it\/wp-content\/themes\/mae\/assets\/svg\/sprite.svg#it-arrow-right\"><\/use>\r\n\t\t\t\t<\/svg>\r\n\t\t\t  <\/a>\r\n\t\t\t<\/div>\r\n\t\t  <\/div>\r\n\t\t<\/div>\r\n\t\t<!--end card-->\r\n\t\t<\/div><!-- col-12 .mt-3-->\r\n\t\t\r\n\t\t<div class=\"col-12 mt-3\">\r\n\t\t<!--start card-->\r\n\t\t<div class=\"card-wrapper\">\r\n\t\t  <div class=\"card card-bg card-big border-bottom-card\">\r\n\t\t\t<div class=\"card-body\">\r\n\t\t\t  <div class=\"category-top\">\r\n\t\t\t\t<span class=\"category\">\r\n\t\t\t\t  <svg class=\"icon icon-secondary\">\r\n\t\t\t\t\t<use xlink:href=\"https:\/\/www.esteri.it\/wp-content\/themes\/mae\/assets\/svg\/sprite.svg#it-calendar\"><\/use>\r\n\t\t\t\t  <\/svg>\r\n\t\t\t\t<\/span>\r\n\t\t\t\t<span class=\"data\">3 Settembre 2026<\/span>\r\n\t\t\t  <\/div>\r\n\t\t\t  <h5 class=\"card-title big-heading text-uppercase\"><a class=\"text-body text-decoration-none\" href=\"https:\/\/www.esteri.it\/it\/sala_stampa\/archivionotizie\/interviste\/2026\/09\/italia-ed-egitto-una-storia-millenaria-una-responsabilita-comune-per-il-futuro-del-mediterraneo\/\" title=\"\u201cItalia ed Egitto: una storia millenaria, una responsabilit\u00e0 comune per il futuro del Mediterraneo\u201d\">\u201cItalia ed Egitto: una storia millenaria, una responsabilit\u00e0 comune per il futuro del Mediterraneo\u201d<\/a><\/h5>\r\n\t\t\t  <p class=\"card-text\">Editoriale del Vice Presidente del Consiglio e Ministro degli Affari Esteri e della Cooperazione Internazionale italiano, On. Antonio Tajani Sono oggi al Cairo per la mia sesta missione in Egitto da Ministro degli Esteri. Sei visite che raccontano, meglio di molti numeri, l\u2019importanza che l\u2019Italia attribuisce al rapporto con questo Paese. Un rapporto che ha [&hellip;]<\/p>\r\n\t\t\t  <a title=\"\u201cItalia ed Egitto: una storia millenaria, una responsabilit\u00e0 comune per il futuro del Mediterraneo\u201d\" class=\"read-more\" href=\"https:\/\/www.esteri.it\/it\/sala_stampa\/archivionotizie\/interviste\/2026\/09\/italia-ed-egitto-una-storia-millenaria-una-responsabilita-comune-per-il-futuro-del-mediterraneo\/\">\r\n\t\t\t\t<span class=\"text\">Leggi di pi\u00f9<\/span>\r\n\t\t\t\t<svg class=\"icon\">\r\n\t\t\t\t  <use xlink:href=\"https:\/\/www.esteri.it\/wp-content\/themes\/mae\/assets\/svg\/sprite.svg#it-arrow-right\"><\/use>\r\n\t\t\t\t<\/svg>\r\n\t\t\t  <\/a>\r\n\t\t\t<\/div>\r\n\t\t  <\/div>\r\n\t\t<\/div>\r\n\t\t<!--end card-->\r\n\t\t<\/div><!-- col-12 .mt-3-->\r\n\t\t\r\n\t\t<div class=\"col-12 mt-3\">\r\n\t\t<!--start card-->\r\n\t\t<div class=\"card-wrapper\">\r\n\t\t  <div class=\"card card-bg card-big border-bottom-card\">\r\n\t\t\t<div class=\"card-body\">\r\n\t\t\t  <div class=\"category-top\">\r\n\t\t\t\t<span class=\"category\">\r\n\t\t\t\t  <svg class=\"icon icon-secondary\">\r\n\t\t\t\t\t<use xlink:href=\"https:\/\/www.esteri.it\/wp-content\/themes\/mae\/assets\/svg\/sprite.svg#it-calendar\"><\/use>\r\n\t\t\t\t  <\/svg>\r\n\t\t\t\t<\/span>\r\n\t\t\t\t<span class=\"data\">1 Settembre 2026<\/span>\r\n\t\t\t  <\/div>\r\n\t\t\t  <h5 class=\"card-title big-heading text-uppercase\"><a class=\"text-body text-decoration-none\" href=\"https:\/\/www.esteri.it\/it\/sala_stampa\/archivionotizie\/interviste\/2026\/09\/antonio-tajani-sanchez-sapeva-della-proroga-inspiegabile-la-sua-ritorsione-il-messaggero\/\" title=\"Antonio Tajani \u00abSanchez sapeva della proroga. Inspiegabile la sua ritorsione\u00bb  (Il Messaggero)\">Antonio Tajani \u00abSanchez sapeva della proroga. Inspiegabile la sua ritorsione\u00bb  (Il Messaggero)<\/a><\/h5>\r\n\t\t\t  <p class=\"card-text\">\u00abNessun intento politico\u00bb, ma la \u00abnecessit\u00e0 di garantire la sicurezza del nostro Paese\u00bb. C&#8217;\u00e8 solo questo, assicura Antonio Tajani, dietro la scelta del governo italiano di prorogare per ulteriori quindici giorni la sospensione dell&#8217;accordo di Schengen, scattata il 1\u00b0 agosto scorso come riflesso della crisi migratoria nell&#8217;exclave di Ceuta. Motivazioni che non sono bastate a [&hellip;]<\/p>\r\n\t\t\t  <a title=\"Antonio Tajani \u00abSanchez sapeva della proroga. Inspiegabile la sua ritorsione\u00bb  (Il Messaggero)\" class=\"read-more\" href=\"https:\/\/www.esteri.it\/it\/sala_stampa\/archivionotizie\/interviste\/2026\/09\/antonio-tajani-sanchez-sapeva-della-proroga-inspiegabile-la-sua-ritorsione-il-messaggero\/\">\r\n\t\t\t\t<span class=\"text\">Leggi di pi\u00f9<\/span>\r\n\t\t\t\t<svg class=\"icon\">\r\n\t\t\t\t  <use xlink:href=\"https:\/\/www.esteri.it\/wp-content\/themes\/mae\/assets\/svg\/sprite.svg#it-arrow-right\"><\/use>\r\n\t\t\t\t<\/svg>\r\n\t\t\t  <\/a>\r\n\t\t\t<\/div>\r\n\t\t  <\/div>\r\n\t\t<\/div>\r\n\t\t<!--end card-->\r\n\t\t<\/div><!-- col-12 .mt-3-->\r\n\t\t\r\n\t\t<div class=\"col-12 mt-3\">\r\n\t\t<!--start card-->\r\n\t\t<div class=\"card-wrapper\">\r\n\t\t  <div class=\"card card-bg card-big border-bottom-card\">\r\n\t\t\t<div class=\"card-body\">\r\n\t\t\t  <div class=\"category-top\">\r\n\t\t\t\t<span class=\"category\">\r\n\t\t\t\t  <svg class=\"icon icon-secondary\">\r\n\t\t\t\t\t<use xlink:href=\"https:\/\/www.esteri.it\/wp-content\/themes\/mae\/assets\/svg\/sprite.svg#it-calendar\"><\/use>\r\n\t\t\t\t  <\/svg>\r\n\t\t\t\t<\/span>\r\n\t\t\t\t<span class=\"data\">1 Settembre 2026<\/span>\r\n\t\t\t  <\/div>\r\n\t\t\t  <h5 class=\"card-title big-heading text-uppercase\"><a class=\"text-body text-decoration-none\" href=\"https:\/\/www.esteri.it\/it\/sala_stampa\/archivionotizie\/interviste\/2026\/09\/tajani-ce-il-pericolo-jihadista-e-agiamo-per-la-nostra-sicurezza-la-ue-a-volte-sbaglia-corriere-della-sera\/\" title=\"Tajani: \u00abC&#8217;\u00e8 il pericolo jihadista e agiamo per la nostra sicurezza. La Ue? A volte sbaglia\u00bb (Corriere della Sera)\">Tajani: \u00abC&#8217;\u00e8 il pericolo jihadista e agiamo per la nostra sicurezza. La Ue? A volte sbaglia\u00bb (Corriere della Sera)<\/a><\/h5>\r\n\t\t\t  <p class=\"card-text\">La rivalit\u00e0 con il premier spagnolo \u00abnon c&#8217;entra nulla\u00bb con la decisione di prolungare il blocco di Schengen. Per il\u00a0ministro degli Esteri\u00a0e vicepremier la questione non \u00e8 elettorale, ma riguarda la sicurezza interna: \u00abIl pericolo jihadista non va sottovalutato\u00bb. Ministro\u00a0Antonio\u00a0Tajani, avete deciso di continuare il braccio di ferro con S\u00e1nchez perch\u00e9 \u00e8 socialista e voi [&hellip;]<\/p>\r\n\t\t\t  <a title=\"Tajani: \u00abC&#8217;\u00e8 il pericolo jihadista e agiamo per la nostra sicurezza. La Ue? A volte sbaglia\u00bb (Corriere della Sera)\" class=\"read-more\" href=\"https:\/\/www.esteri.it\/it\/sala_stampa\/archivionotizie\/interviste\/2026\/09\/tajani-ce-il-pericolo-jihadista-e-agiamo-per-la-nostra-sicurezza-la-ue-a-volte-sbaglia-corriere-della-sera\/\">\r\n\t\t\t\t<span class=\"text\">Leggi di pi\u00f9<\/span>\r\n\t\t\t\t<svg class=\"icon\">\r\n\t\t\t\t  <use xlink:href=\"https:\/\/www.esteri.it\/wp-content\/themes\/mae\/assets\/svg\/sprite.svg#it-arrow-right\"><\/use>\r\n\t\t\t\t<\/svg>\r\n\t\t\t  <\/a>\r\n\t\t\t<\/div>\r\n\t\t  <\/div>\r\n\t\t<\/div>\r\n\t\t<!--end card-->\r\n\t\t<\/div><!-- col-12 .mt-3-->\r\n\t\t\r\n\t\t<div class=\"col-12 mt-3\">\r\n\t\t<!--start card-->\r\n\t\t<div class=\"card-wrapper\">\r\n\t\t  <div class=\"card card-bg card-big border-bottom-card\">\r\n\t\t\t<div class=\"card-body\">\r\n\t\t\t  <div class=\"category-top\">\r\n\t\t\t\t<span class=\"category\">\r\n\t\t\t\t  <svg class=\"icon icon-secondary\">\r\n\t\t\t\t\t<use xlink:href=\"https:\/\/www.esteri.it\/wp-content\/themes\/mae\/assets\/svg\/sprite.svg#it-calendar\"><\/use>\r\n\t\t\t\t  <\/svg>\r\n\t\t\t\t<\/span>\r\n\t\t\t\t<span class=\"data\">28 Agosto 2026<\/span>\r\n\t\t\t  <\/div>\r\n\t\t\t  <h5 class=\"card-title big-heading text-uppercase\"><a class=\"text-body text-decoration-none\" href=\"https:\/\/www.esteri.it\/it\/sala_stampa\/archivionotizie\/interviste\/2026\/08\/tajani-aiutiamo-famiglie-e-imprese-non-si-spaventano-i-mercati-quotidiano-nazionale\/\" title=\"Tajani: \u00abAiutiamo famiglie e imprese. Non si spaventano i mercati\u00bb (Quotidiano Nazionale)\">Tajani: \u00abAiutiamo famiglie e imprese. Non si spaventano i mercati\u00bb (Quotidiano Nazionale)<\/a><\/h5>\r\n\t\t\t  <p class=\"card-text\">\u00abLa storia delle tasse sugli extraprofitti \u00e8 una storia di fallimenti: distorcono gli investimenti e rischiano di accelerare la deindustrializzazione dell&#8217;Europa\u00bb. II\u00a0ministro degli Esteri\u00a0e leader di Forza Italia,\u00a0Antonio\u00a0Tajani, spiega perch\u00e9 boccia senz&#8217;appello la tassazione degli extra profitti citando il giudizio netto di Daniel Yergin, tra i massimi esperti mondiali di energia, premio Pulitzer con The [&hellip;]<\/p>\r\n\t\t\t  <a title=\"Tajani: \u00abAiutiamo famiglie e imprese. Non si spaventano i mercati\u00bb (Quotidiano Nazionale)\" class=\"read-more\" href=\"https:\/\/www.esteri.it\/it\/sala_stampa\/archivionotizie\/interviste\/2026\/08\/tajani-aiutiamo-famiglie-e-imprese-non-si-spaventano-i-mercati-quotidiano-nazionale\/\">\r\n\t\t\t\t<span class=\"text\">Leggi di pi\u00f9<\/span>\r\n\t\t\t\t<svg class=\"icon\">\r\n\t\t\t\t  <use xlink:href=\"https:\/\/www.esteri.it\/wp-content\/themes\/mae\/assets\/svg\/sprite.svg#it-arrow-right\"><\/use>\r\n\t\t\t\t<\/svg>\r\n\t\t\t  <\/a>\r\n\t\t\t<\/div>\r\n\t\t  <\/div>\r\n\t\t<\/div>\r\n\t\t<!--end card-->\r\n\t\t<\/div><!-- col-12 .mt-3-->\r\n\t\t\r\n\t\t<div class=\"col-12 mt-3\">\r\n\t\t<!--start card-->\r\n\t\t<div class=\"card-wrapper\">\r\n\t\t  <div class=\"card card-bg card-big border-bottom-card\">\r\n\t\t\t<div class=\"card-body\">\r\n\t\t\t  <div class=\"category-top\">\r\n\t\t\t\t<span class=\"category\">\r\n\t\t\t\t  <svg class=\"icon icon-secondary\">\r\n\t\t\t\t\t<use xlink:href=\"https:\/\/www.esteri.it\/wp-content\/themes\/mae\/assets\/svg\/sprite.svg#it-calendar\"><\/use>\r\n\t\t\t\t  <\/svg>\r\n\t\t\t\t<\/span>\r\n\t\t\t\t<span class=\"data\">27 Agosto 2026<\/span>\r\n\t\t\t  <\/div>\r\n\t\t\t  <h5 class=\"card-title big-heading text-uppercase\"><a class=\"text-body text-decoration-none\" href=\"https:\/\/www.esteri.it\/it\/sala_stampa\/archivionotizie\/interviste\/2026\/08\/tajani-nel-golfo-aiutiamo-i-paesi-amici-in-ucraina-si-al-dialogo-ma-no-alle-pretese-di-mosca-ilsussidiario-net\/\" title=\"Tajani: \u00abNel Golfo aiutiamo i Paesi amici, in Ucraina s\u00ec al dialogo ma no alle pretese di Mosca\u00bb (ilsussidiario.net)\">Tajani: \u00abNel Golfo aiutiamo i Paesi amici, in Ucraina s\u00ec al dialogo ma no alle pretese di Mosca\u00bb (ilsussidiario.net)<\/a><\/h5>\r\n\t\t\t  <p class=\"card-text\">Roma \u00e8 sede degli incontri tra la delegazione libanese e quella israeliana e si \u00e8 parlato anche della possibilit\u00e0 che tocchi proprio all\u2019Italia controllare l\u2019applicazione dell\u2019accordo, che prevede la cessione all\u2019esercito libanese di alcune aree del territorio occupate dall\u2019IDF. Che ruolo sta avendo il nostro Paese in questa crisi? Credo che l\u2019Italia, in questo momento [&hellip;]<\/p>\r\n\t\t\t  <a title=\"Tajani: \u00abNel Golfo aiutiamo i Paesi amici, in Ucraina s\u00ec al dialogo ma no alle pretese di Mosca\u00bb (ilsussidiario.net)\" class=\"read-more\" href=\"https:\/\/www.esteri.it\/it\/sala_stampa\/archivionotizie\/interviste\/2026\/08\/tajani-nel-golfo-aiutiamo-i-paesi-amici-in-ucraina-si-al-dialogo-ma-no-alle-pretese-di-mosca-ilsussidiario-net\/\">\r\n\t\t\t\t<span class=\"text\">Leggi di pi\u00f9<\/span>\r\n\t\t\t\t<svg class=\"icon\">\r\n\t\t\t\t  <use xlink:href=\"https:\/\/www.esteri.it\/wp-content\/themes\/mae\/assets\/svg\/sprite.svg#it-arrow-right\"><\/use>\r\n\t\t\t\t<\/svg>\r\n\t\t\t  <\/a>\r\n\t\t\t<\/div>\r\n\t\t  <\/div>\r\n\t\t<\/div>\r\n\t\t<!--end card-->\r\n\t\t<\/div><!-- col-12 .mt-3-->\r\n\t\t\r\n\t\t<div class=\"col-12 mt-3\">\r\n\t\t<!--start card-->\r\n\t\t<div class=\"card-wrapper\">\r\n\t\t  <div class=\"card card-bg card-big border-bottom-card\">\r\n\t\t\t<div class=\"card-body\">\r\n\t\t\t  <div class=\"category-top\">\r\n\t\t\t\t<span class=\"category\">\r\n\t\t\t\t  <svg class=\"icon icon-secondary\">\r\n\t\t\t\t\t<use xlink:href=\"https:\/\/www.esteri.it\/wp-content\/themes\/mae\/assets\/svg\/sprite.svg#it-calendar\"><\/use>\r\n\t\t\t\t  <\/svg>\r\n\t\t\t\t<\/span>\r\n\t\t\t\t<span class=\"data\">18 Agosto 2026<\/span>\r\n\t\t\t  <\/div>\r\n\t\t\t  <h5 class=\"card-title big-heading text-uppercase\"><a class=\"text-body text-decoration-none\" href=\"https:\/\/www.esteri.it\/it\/sala_stampa\/archivionotizie\/interviste\/2026\/08\/tajani-nello-sport-e-sui-mercati-a-vincere-e-litalia-brava-nel-fare-squadra-il-messaggero-il-gazzettino\/\" title=\"Tajani: \u00abNello sport e sui mercati a vincere \u00e8 l&#8217;Italia, brava nel fare squadra\u00bb (Il Messaggero \/ Il Gazzettino)\">Tajani: \u00abNello sport e sui mercati a vincere \u00e8 l&#8217;Italia, brava nel fare squadra\u00bb (Il Messaggero \/ Il Gazzettino)<\/a><\/h5>\r\n\t\t\t  <p class=\"card-text\">I ventidue ori, le sessantacinque medaglie complessive degli atleti italiani a Birmingham, non sono solo un fatto sportivo. \u00abQuesti risultati\u00bb, dice Antonio Tajani, Ministro degli Esteri, \u00abdanno un&#8217;immagine dell&#8217;Italia credibile nel mondo\u00bb. Raccontano, ministro, anche qualcosa sul modo italiano di competere: solo talento o dietro c&#8217;\u00e8 un sistema che funziona? \u00abC&#8217;\u00e8 un sistema dietro queste [&hellip;]<\/p>\r\n\t\t\t  <a title=\"Tajani: \u00abNello sport e sui mercati a vincere \u00e8 l&#8217;Italia, brava nel fare squadra\u00bb (Il Messaggero \/ Il Gazzettino)\" class=\"read-more\" href=\"https:\/\/www.esteri.it\/it\/sala_stampa\/archivionotizie\/interviste\/2026\/08\/tajani-nello-sport-e-sui-mercati-a-vincere-e-litalia-brava-nel-fare-squadra-il-messaggero-il-gazzettino\/\">\r\n\t\t\t\t<span class=\"text\">Leggi di pi\u00f9<\/span>\r\n\t\t\t\t<svg class=\"icon\">\r\n\t\t\t\t  <use xlink:href=\"https:\/\/www.esteri.it\/wp-content\/themes\/mae\/assets\/svg\/sprite.svg#it-arrow-right\"><\/use>\r\n\t\t\t\t<\/svg>\r\n\t\t\t  <\/a>\r\n\t\t\t<\/div>\r\n\t\t  <\/div>\r\n\t\t<\/div>\r\n\t\t<!--end card-->\r\n\t\t<\/div><!-- col-12 .mt-3-->\r\n\t\t\r\n\t\t<div class=\"col-12 mt-3\">\r\n\t\t<!--start card-->\r\n\t\t<div class=\"card-wrapper\">\r\n\t\t  <div class=\"card card-bg card-big border-bottom-card\">\r\n\t\t\t<div class=\"card-body\">\r\n\t\t\t  <div class=\"category-top\">\r\n\t\t\t\t<span class=\"category\">\r\n\t\t\t\t  <svg class=\"icon icon-secondary\">\r\n\t\t\t\t\t<use xlink:href=\"https:\/\/www.esteri.it\/wp-content\/themes\/mae\/assets\/svg\/sprite.svg#it-calendar\"><\/use>\r\n\t\t\t\t  <\/svg>\r\n\t\t\t\t<\/span>\r\n\t\t\t\t<span class=\"data\">15 Agosto 2026<\/span>\r\n\t\t\t  <\/div>\r\n\t\t\t  <h5 class=\"card-title big-heading text-uppercase\"><a class=\"text-body text-decoration-none\" href=\"https:\/\/www.esteri.it\/it\/sala_stampa\/archivionotizie\/interviste\/2026\/08\/tajani-madrid-pensi-al-marocco-da-li-arrivano-i-problemi-corriere-della-sera\/\" title=\"Tajani: \u00abMadrid pensi al Marocco, da l\u00ec arrivano i problemi\u00bb (Corriere della Sera)\">Tajani: \u00abMadrid pensi al Marocco, da l\u00ec arrivano i problemi\u00bb (Corriere della Sera)<\/a><\/h5>\r\n\t\t\t  <p class=\"card-text\">II leit-motiv di questo ultimo anno di legislatura, per Forza Italia, \u00e8 gi\u00e0 pronto: \u00abLavoriamo per una rivoluzione liberale e democratica\u00bb, fatta di sburocratizzazione, semplificazione e abbassamento delle tasse per far crescere \u00abil reddito reale\u00bb dei cittadini. Ma\u00a0Antonio\u00a0Tajani\u00a0non \u00e8 solo il leader di FI, \u00e8 anche\u00a0ministro degli Esteri. E si comincia da qui. Con Ceuta [&hellip;]<\/p>\r\n\t\t\t  <a title=\"Tajani: \u00abMadrid pensi al Marocco, da l\u00ec arrivano i problemi\u00bb (Corriere della Sera)\" class=\"read-more\" href=\"https:\/\/www.esteri.it\/it\/sala_stampa\/archivionotizie\/interviste\/2026\/08\/tajani-madrid-pensi-al-marocco-da-li-arrivano-i-problemi-corriere-della-sera\/\">\r\n\t\t\t\t<span class=\"text\">Leggi di pi\u00f9<\/span>\r\n\t\t\t\t<svg class=\"icon\">\r\n\t\t\t\t  <use xlink:href=\"https:\/\/www.esteri.it\/wp-content\/themes\/mae\/assets\/svg\/sprite.svg#it-arrow-right\"><\/use>\r\n\t\t\t\t<\/svg>\r\n\t\t\t  <\/a>\r\n\t\t\t<\/div>\r\n\t\t  <\/div>\r\n\t\t<\/div>\r\n\t\t<!--end card-->\r\n\t\t<\/div><!-- col-12 .mt-3-->\r\n\t\t\r\n\t\t<div class=\"col-12 mt-3\">\r\n\t\t<!--start card-->\r\n\t\t<div class=\"card-wrapper\">\r\n\t\t  <div class=\"card card-bg card-big border-bottom-card\">\r\n\t\t\t<div class=\"card-body\">\r\n\t\t\t  <div class=\"category-top\">\r\n\t\t\t\t<span class=\"category\">\r\n\t\t\t\t  <svg class=\"icon icon-secondary\">\r\n\t\t\t\t\t<use xlink:href=\"https:\/\/www.esteri.it\/wp-content\/themes\/mae\/assets\/svg\/sprite.svg#it-calendar\"><\/use>\r\n\t\t\t\t  <\/svg>\r\n\t\t\t\t<\/span>\r\n\t\t\t\t<span class=\"data\">9 Agosto 2026<\/span>\r\n\t\t\t  <\/div>\r\n\t\t\t  <h5 class=\"card-title big-heading text-uppercase\"><a class=\"text-body text-decoration-none\" href=\"https:\/\/www.esteri.it\/it\/sala_stampa\/archivionotizie\/interviste\/2026\/08\/tajani-spero-presto-la-revoca-dei-controlli-appena-non-ci-sara-piu-rischio-la-reazione-spagnola-e-inaccettabile-la-stampa\/\" title=\"Tajani: &#8220;Spero presto la revoca dei controlli, appena non ci sar\u00e0 pi\u00f9 rischio. La reazione spagnola \u00e8 inaccettabile&#8221; (La Stampa)\">Tajani: &#8220;Spero presto la revoca dei controlli, appena non ci sar\u00e0 pi\u00f9 rischio. La reazione spagnola \u00e8 inaccettabile&#8221; (La Stampa)<\/a><\/h5>\r\n\t\t\t  <p class=\"card-text\">Ministro Tajani, quale \u00e8 l&#8217;obiettivo di questo putiferio? \u00abNoi non abbiamo fatto nessun putiferio. Abbiamo sospeso Schengen, come prevedono i Trattati, perch\u00e9 a Ceuta \u00e8 successo qualcosa di straordinario. Ancora oggi il sindaco Vivas dice che l\u00ec sono rimasti tra 8mila e 11mila migranti. E migliaia sono sub-sahariani che non possono essere rimpatriati. Piuttosto, ci\u00f3 [&hellip;]<\/p>\r\n\t\t\t  <a title=\"Tajani: &#8220;Spero presto la revoca dei controlli, appena non ci sar\u00e0 pi\u00f9 rischio. La reazione spagnola \u00e8 inaccettabile&#8221; (La Stampa)\" class=\"read-more\" href=\"https:\/\/www.esteri.it\/it\/sala_stampa\/archivionotizie\/interviste\/2026\/08\/tajani-spero-presto-la-revoca-dei-controlli-appena-non-ci-sara-piu-rischio-la-reazione-spagnola-e-inaccettabile-la-stampa\/\">\r\n\t\t\t\t<span class=\"text\">Leggi di pi\u00f9<\/span>\r\n\t\t\t\t<svg class=\"icon\">\r\n\t\t\t\t  <use xlink:href=\"https:\/\/www.esteri.it\/wp-content\/themes\/mae\/assets\/svg\/sprite.svg#it-arrow-right\"><\/use>\r\n\t\t\t\t<\/svg>\r\n\t\t\t  <\/a>\r\n\t\t\t<\/div>\r\n\t\t  <\/div>\r\n\t\t<\/div>\r\n\t\t<!--end card-->\r\n\t\t<\/div><!-- col-12 .mt-3-->\r\n\t\t\r\n\t\t<div class=\"col-12 mt-3\">\r\n\t\t<!--start card-->\r\n\t\t<div class=\"card-wrapper\">\r\n\t\t  <div class=\"card card-bg card-big border-bottom-card\">\r\n\t\t\t<div class=\"card-body\">\r\n\t\t\t  <div class=\"category-top\">\r\n\t\t\t\t<span class=\"category\">\r\n\t\t\t\t  <svg class=\"icon icon-secondary\">\r\n\t\t\t\t\t<use xlink:href=\"https:\/\/www.esteri.it\/wp-content\/themes\/mae\/assets\/svg\/sprite.svg#it-calendar\"><\/use>\r\n\t\t\t\t  <\/svg>\r\n\t\t\t\t<\/span>\r\n\t\t\t\t<span class=\"data\">8 Agosto 2026<\/span>\r\n\t\t\t  <\/div>\r\n\t\t\t  <h5 class=\"card-title big-heading text-uppercase\"><a class=\"text-body text-decoration-none\" href=\"https:\/\/www.esteri.it\/it\/sala_stampa\/archivionotizie\/interviste\/2026\/08\/tajani-la-giornata-europea-per-mantenere-viva-la-memoria-la-stampa\/\" title=\"Tajani: La Giornata europea per mantenere viva la memoria (La Stampa)\">Tajani: La Giornata europea per mantenere viva la memoria (La Stampa)<\/a><\/h5>\r\n\t\t\t  <p class=\"card-text\">Settant&#8217;anni fa, l&#8217;8 agosto 1956, Marcinelle entr\u00f2 per sempre nella memoria collettiva del nostro Paese e dell&#8217;Europa. Nel pozzo del Bois du Cazier persero la vita 262 lavoratori di dodici nazionalit\u00e0, fra cui 136 italiani. Oggi li ricordiamo uno ad uno. Dietro quei numeri vi erano nomi, volti, famiglie, speranze. Uomini partiti per costruire, attraverso [&hellip;]<\/p>\r\n\t\t\t  <a title=\"Tajani: La Giornata europea per mantenere viva la memoria (La Stampa)\" class=\"read-more\" href=\"https:\/\/www.esteri.it\/it\/sala_stampa\/archivionotizie\/interviste\/2026\/08\/tajani-la-giornata-europea-per-mantenere-viva-la-memoria-la-stampa\/\">\r\n\t\t\t\t<span class=\"text\">Leggi di pi\u00f9<\/span>\r\n\t\t\t\t<svg class=\"icon\">\r\n\t\t\t\t  <use xlink:href=\"https:\/\/www.esteri.it\/wp-content\/themes\/mae\/assets\/svg\/sprite.svg#it-arrow-right\"><\/use>\r\n\t\t\t\t<\/svg>\r\n\t\t\t  <\/a>\r\n\t\t\t<\/div>\r\n\t\t  <\/div>\r\n\t\t<\/div>\r\n\t\t<!--end card-->\r\n\t\t<\/div><!-- col-12 .mt-3-->\r\n\t\t<div class=\"col-md-12 mt-4 pb-4\">\r\n\t  \t\t\t\t<nav class=\"navigation col-md-12\" aria-label=\"Navigation\">\r\n\t\t\t<h2 class=\"screen-reader-text visually-hidden\">Paginazione<\/h2>\r\n\t\t\t<div class=\"nav-links\"><span aria-current=\"page\" class=\"page-numbers current\">1<\/span>\n<a class=\"page-numbers\" href=\"https:\/\/www.esteri.it\/it\/wp-json\/wp\/v2\/pages\/29371\/?pag=2\">2<\/a>\n<a class=\"page-numbers\" href=\"https:\/\/www.esteri.it\/it\/wp-json\/wp\/v2\/pages\/29371\/?pag=3\">3<\/a>\n<span class=\"page-numbers dots\">&hellip;<\/span>\n<a class=\"page-numbers\" href=\"https:\/\/www.esteri.it\/it\/wp-json\/wp\/v2\/pages\/29371\/?pag=42\">42<\/a>\n<a class=\"next page-numbers\" href=\"https:\/\/www.esteri.it\/it\/wp-json\/wp\/v2\/pages\/29371\/?pag=2\"><svg class=\"icon icon-primary\"><use xlink:href=\"https:\/\/www.esteri.it\/wp-content\/themes\/mae\/assets\/svg\/sprite.svg#it-chevron-right\"><\/use><\/svg>\r\n\t\t\t\t\t\t<span class=\"visually-hidden\">Pagina successiva<\/span><\/a><\/div><\/nav><\/div><\/div>\n","protected":false},"excerpt":{"rendered":"","protected":false},"author":1,"featured_media":0,"parent":29361,"menu_order":3,"comment_status":"closed","ping_status":"closed","template":"","meta":{"footnotes":""},"class_list":["post-29371","page","type-page","status-publish","hentry"],"_links":{"self":[{"href":"https:\/\/www.esteri.it\/it\/wp-json\/wp\/v2\/pages\/29371","targetHints":{"allow":["GET"]}}],"collection":[{"href":"https:\/\/www.esteri.it\/it\/wp-json\/wp\/v2\/pages"}],"about":[{"href":"https:\/\/www.esteri.it\/it\/wp-json\/wp\/v2\/types\/page"}],"author":[{"embeddable":true,"href":"https:\/\/www.esteri.it\/it\/wp-json\/wp\/v2\/users\/1"}],"replies":[{"embeddable":true,"href":"https:\/\/www.esteri.it\/it\/wp-json\/wp\/v2\/comments?post=29371"}],"version-history":[{"count":0,"href":"https:\/\/www.esteri.it\/it\/wp-json\/wp\/v2\/pages\/29371\/revisions"}],"up":[{"embeddable":true,"href":"https:\/\/www.esteri.it\/it\/wp-json\/wp\/v2\/pages\/29361"}],"wp:attachment":[{"href":"https:\/\/www.esteri.it\/it\/wp-json\/wp\/v2\/media?parent=29371"}],"curies":[{"name":"wp","href":"https:\/\/api.w.org\/{rel}","templated":true}]}}