{"id":329,"date":"2021-05-27T16:36:19","date_gmt":"2021-05-27T14:36:19","guid":{"rendered":"https:\/\/www.esteri.it\/?page_id=329"},"modified":"2026-08-10T10:10:08","modified_gmt":"2026-08-10T08:10:08","slug":"diplomazia_economica","status":"publish","type":"page","link":"https:\/\/www.esteri.it\/it\/temi\/diplomazia_economica\/","title":{"rendered":"Diplomazia Economica"},"content":{"rendered":"<p>La <strong>diplomazia economica italiana<\/strong> \u00e8 l\u2019attivit\u00e0 del Ministero degli Affari Esteri e della Cooperazione Internazionale volta a sostenere le imprese italiane all\u2019estero e a favorire la crescita del Paese in differenti ambiti. Coordinati dalla Direzione Generale per la Crescita e la Promozione delle Esportazioni della Farnesina &#8211; che a sua volta \u00e8 in raccordo costante con Istituzioni, Enti, Associazioni, Imprese, Centri di ricerca ed Universit\u00e0 &#8211; gli oltre 450 uffici diffusi in tutto il mondo e comprendenti Ambasciate, Consolati, Unit\u00e0 dell\u2019Agenzia ICE e dell\u2019Enit, oggi integrati nelle rappresentanze diplomatiche e consolari, Istituti Italiani di Cultura, Uffici degli Addetti Scientifici e Tecnologici, sono impegnati quotidianamente per promuovere in un\u2019ottica integrata l\u2019Italia nelle sue componenti economica, culturale e scientifica.<\/p>\n<p>Gli obiettivi strategici cui si ispira quotidianamente la diplomazia economica sono:<\/p>\n<ul>\n<li>sostenere le aziende nella penetrazione commerciale dei mercati emergenti e a consolidarsi in quelli tradizionali;<\/li>\n<li>sostenere l\u2019attivit\u00e0 internazionale delle Autonomie territoriali;<\/li>\n<li>attrarre in Italia investimenti produttivi, flussi turistici e brillanti talenti;<\/li>\n<li>promuovere gli investimenti italiani all\u2019estero.<\/li>\n<\/ul>\n<p>&nbsp;<\/p>\n<p><strong>Ultimo numero della Newsletter DEI<\/strong><\/p>\n<p><a href=\"https:\/\/www.esteri.it\/wp-content\/uploads\/2026\/08\/Newsletter-DEI_n6_2026.pdf\"><img decoding=\"async\" class=\"\" src=\"https:\/\/www.esteri.it\/wp-content\/uploads\/2026\/08\/Newsletter-DEI_n6_2026_cover.jpg\" width=\"300\" \/><br \/>\n<\/a><\/p>\n<div class=\"row\">\n\t\t\t<div class=\"col-12 col-lg-6 mt-3\">\n\t\t\t<!--start card-->\n\t\t\t<div class=\"card-wrapper\">\n\t\t\t<div class=\"card card-img card-bg card-big border-bottom-card\">\n\t\t\t\t<div class=\"img-responsive-wrapper\">\n\t\t\t\t\t<div class=\"img-responsive\">\n\t\t\t\t\t\t<figure class=\"img-wrapper\">\n\t\t\t\t\t\t\t<img decoding=\"async\" loading=\"lazy\" width=\"416\" height=\"255\" src=\"https:\/\/www.esteri.it\/wp-content\/uploads\/2026\/09\/gitex_expand-north-star_Dubai-2026-768x383.jpg\" srcset= \"https:\/\/www.esteri.it\/wp-content\/uploads\/2026\/09\/gitex_expand-north-star_Dubai-2026.jpg 1438w, https:\/\/www.esteri.it\/wp-content\/uploads\/2026\/09\/gitex_expand-north-star_Dubai-2026-300x150.jpg 300w, https:\/\/www.esteri.it\/wp-content\/uploads\/2026\/09\/gitex_expand-north-star_Dubai-2026-1024x511.jpg 1024w, https:\/\/www.esteri.it\/wp-content\/uploads\/2026\/09\/gitex_expand-north-star_Dubai-2026-768x383.jpg 768w\" sizes=\"auto, (max-width: 1438px) 100vw, 1438px\" title=\"GITEX Global 2026\" alt=\"GITEX Global 2026\" class=\"img-fluid\">\n\t\t\t\t\t\t<\/figure>\n\t\t\t\t\t<\/div>\n\t\t\t\t<\/div>\n\t\t\t\t<div class=\"card-body\">\n\t\t\t\t<div class=\"category-top\">\n\t\t\t\t\t<span class=\"category\">\n\t\t\t\t\t<svg class=\"icon icon-secondary\">\n\t\t\t\t\t\t<use xlink:href=\"https:\/\/www.esteri.it\/wp-content\/themes\/mae\/assets\/svg\/sprite.svg#it-calendar\"><\/use>\n\t\t\t\t\t<\/svg>\n\t\t\t\t\t<\/span>\n\t\t\t\t\t<span class=\"data\">4 Settembre 2026<\/span>\n\t\t\t\t<\/div>\n\t\t\t\t<h5 class=\"card-title big-heading text-uppercase\"><a class=\"text-body text-decoration-none\" href=\"https:\/\/www.esteri.it\/it\/sala_stampa\/archivionotizie\/diplomazia-economica\/2026\/09\/gitex-global-2026-a-dubai-nuove-opportunita-per-startup-e-pmi-innovative-italiane\/\" title=\"GITEX Global 2026: a Dubai nuove opportunit\u00e0 per startup e PMI innovative italiane\">GITEX Global 2026: a Dubai nuove opportunit\u00e0 per startup e PMI innovative italiane<\/a><\/h5>\n\t\t\t\t<p class=\"card-text\">Sono aperte le candidature per la partecipazione di startup e PMI innovative italiane a Expand North Star 2026, in programma dall\u20198 al 10 dicembre 2026 presso Expo City Dubai, nel contesto della 46\u00aa edizione di GITEX Global, uno dei principali appuntamenti internazionali dedicati alla tecnologia, all\u2019innovazione e agli investimenti. L\u2019Italia sar\u00e0 presente a Dubai con [&hellip;]<\/p>\n\t\t\t\t<a title=\"GITEX Global 2026: a Dubai nuove opportunit\u00e0 per startup e PMI innovative italiane\" class=\"read-more\" href=\"https:\/\/www.esteri.it\/it\/sala_stampa\/archivionotizie\/diplomazia-economica\/2026\/09\/gitex-global-2026-a-dubai-nuove-opportunita-per-startup-e-pmi-innovative-italiane\/\">\n\t\t\t\t\t<span class=\"text\">Leggi di pi\u00f9<\/span>\n\t\t\t\t\t<svg class=\"icon\">\n\t\t\t\t\t<use xlink:href=\"https:\/\/www.esteri.it\/wp-content\/themes\/mae\/assets\/svg\/sprite.svg#it-arrow-right\"><\/use>\n\t\t\t\t\t<\/svg>\n\t\t\t\t<\/a>\n\t\t\t\t<\/div>\n\t\t\t<\/div>\n\t\t\t<\/div>\n\t\t\t<!--end card-->\n\t\t\t<\/div><!-- col-12 .mt-3-->\n\t\t\t<div class=\"col-12 col-lg-6 mt-3\">\n\t\t\t<!--start card-->\n\t\t\t<div class=\"card-wrapper\">\n\t\t\t<div class=\"card card-img card-bg card-big border-bottom-card\">\n\t\t\t\t<div class=\"img-responsive-wrapper\">\n\t\t\t\t\t<div class=\"img-responsive\">\n\t\t\t\t\t\t<figure class=\"img-wrapper\">\n\t\t\t\t\t\t\t<img decoding=\"async\" loading=\"lazy\" width=\"416\" height=\"255\" src=\"https:\/\/www.esteri.it\/wp-content\/uploads\/2026\/08\/Bangalore-tech-summit-novembre-2026-768x384.jpeg\" srcset= \"https:\/\/www.esteri.it\/wp-content\/uploads\/2026\/08\/Bangalore-tech-summit-novembre-2026.jpeg 800w, https:\/\/www.esteri.it\/wp-content\/uploads\/2026\/08\/Bangalore-tech-summit-novembre-2026-300x150.jpeg 300w, https:\/\/www.esteri.it\/wp-content\/uploads\/2026\/08\/Bangalore-tech-summit-novembre-2026-768x384.jpeg 768w\" sizes=\"auto, (max-width: 800px) 100vw, 800px\" title=\"Bangalore-tech-summit-novembre-2026\" alt=\"Bangalore-tech-summit-novembre-2026\" class=\"img-fluid\">\n\t\t\t\t\t\t<\/figure>\n\t\t\t\t\t<\/div>\n\t\t\t\t<\/div>\n\t\t\t\t<div class=\"card-body\">\n\t\t\t\t<div class=\"category-top\">\n\t\t\t\t\t<span class=\"category\">\n\t\t\t\t\t<svg class=\"icon icon-secondary\">\n\t\t\t\t\t\t<use xlink:href=\"https:\/\/www.esteri.it\/wp-content\/themes\/mae\/assets\/svg\/sprite.svg#it-calendar\"><\/use>\n\t\t\t\t\t<\/svg>\n\t\t\t\t\t<\/span>\n\t\t\t\t\t<span class=\"data\">31 Agosto 2026<\/span>\n\t\t\t\t<\/div>\n\t\t\t\t<h5 class=\"card-title big-heading text-uppercase\"><a class=\"text-body text-decoration-none\" href=\"https:\/\/www.esteri.it\/it\/sala_stampa\/archivionotizie\/diplomazia-economica\/2026\/08\/bengaluru-tech-summit-2026-aperte-le-candidature-per-il-padiglione-nazionale-italia\/\" title=\"Bengaluru Tech Summit 2026: aperte le candidature per il Padiglione Nazionale Italia\">Bengaluru Tech Summit 2026: aperte le candidature per il Padiglione Nazionale Italia<\/a><\/h5>\n\t\t\t\t<p class=\"card-text\">Sono aperte le candidature per la partecipazione di startup e PMI innovative italiane al Bengaluru Tech Summit 2026, in programma dal 17 al 19 novembre 2026 presso il Bangalore International Exhibition Centre. Il Bengaluru Tech Summit \u00e8 il principale appuntamento dedicato alla tecnologia e all\u2019innovazione in India e uno dei pi\u00f9 importanti del continente asiatico. [&hellip;]<\/p>\n\t\t\t\t<a title=\"Bengaluru Tech Summit 2026: aperte le candidature per il Padiglione Nazionale Italia\" class=\"read-more\" href=\"https:\/\/www.esteri.it\/it\/sala_stampa\/archivionotizie\/diplomazia-economica\/2026\/08\/bengaluru-tech-summit-2026-aperte-le-candidature-per-il-padiglione-nazionale-italia\/\">\n\t\t\t\t\t<span class=\"text\">Leggi di pi\u00f9<\/span>\n\t\t\t\t\t<svg class=\"icon\">\n\t\t\t\t\t<use xlink:href=\"https:\/\/www.esteri.it\/wp-content\/themes\/mae\/assets\/svg\/sprite.svg#it-arrow-right\"><\/use>\n\t\t\t\t\t<\/svg>\n\t\t\t\t<\/a>\n\t\t\t\t<\/div>\n\t\t\t<\/div>\n\t\t\t<\/div>\n\t\t\t<!--end card-->\n\t\t\t<\/div><!-- col-12 .mt-3-->\n\t\t\t<div class=\"col-12 col-lg-6 mt-3\">\n\t\t\t<!--start card-->\n\t\t\t<div class=\"card-wrapper\">\n\t\t\t<div class=\"card card-img card-bg card-big border-bottom-card\">\n\t\t\t\t<div class=\"img-responsive-wrapper\">\n\t\t\t\t\t<div class=\"img-responsive\">\n\t\t\t\t\t\t<figure class=\"img-wrapper\">\n\t\t\t\t\t\t\t<img decoding=\"async\" loading=\"lazy\" width=\"416\" height=\"255\" src=\"https:\/\/www.esteri.it\/wp-content\/uploads\/2026\/08\/RepCorea-Italia-UNDP-Roma-2026-768x384.jpg\" srcset= \"https:\/\/www.esteri.it\/wp-content\/uploads\/2026\/08\/RepCorea-Italia-UNDP-Roma-2026.jpg 800w, https:\/\/www.esteri.it\/wp-content\/uploads\/2026\/08\/RepCorea-Italia-UNDP-Roma-2026-300x150.jpg 300w, https:\/\/www.esteri.it\/wp-content\/uploads\/2026\/08\/RepCorea-Italia-UNDP-Roma-2026-768x384.jpg 768w\" sizes=\"auto, (max-width: 800px) 100vw, 800px\" title=\"Il Governatore della Provincia coreana di Chungcheongnam-do in visita all\u2019AI Hub for Sustainable Development di Roma\" alt=\"Il Governatore della Provincia coreana di Chungcheongnam-do in visita all\u2019AI Hub for Sustainable Development di Roma\" class=\"img-fluid\">\n\t\t\t\t\t\t<\/figure>\n\t\t\t\t\t<\/div>\n\t\t\t\t<\/div>\n\t\t\t\t<div class=\"card-body\">\n\t\t\t\t<div class=\"category-top\">\n\t\t\t\t\t<span class=\"category\">\n\t\t\t\t\t<svg class=\"icon icon-secondary\">\n\t\t\t\t\t\t<use xlink:href=\"https:\/\/www.esteri.it\/wp-content\/themes\/mae\/assets\/svg\/sprite.svg#it-calendar\"><\/use>\n\t\t\t\t\t<\/svg>\n\t\t\t\t\t<\/span>\n\t\t\t\t\t<span class=\"data\">28 Agosto 2026<\/span>\n\t\t\t\t<\/div>\n\t\t\t\t<h5 class=\"card-title big-heading text-uppercase\"><a class=\"text-body text-decoration-none\" href=\"https:\/\/www.esteri.it\/it\/sala_stampa\/archivionotizie\/diplomazia-economica\/2026\/08\/il-governatore-della-provincia-coreana-di-chungcheongnam-do-in-visita-allai-hub-for-sustainable-development-di-roma\/\" title=\"Il Governatore della Provincia coreana di Chungcheongnam-do in visita all\u2019AI Hub for Sustainable Development di Roma\">Il Governatore della Provincia coreana di Chungcheongnam-do in visita all\u2019AI Hub for Sustainable Development di Roma<\/a><\/h5>\n\t\t\t\t<p class=\"card-text\">Il Governatore della Provincia coreana di Chungcheongnam-do, Park Soo-hyun, ha visitato l\u2019AI Hub for Sustainable Development di Roma, nell\u2019ambito di una pi\u00f9 ampia missione in Italia. La visita, svoltasi il 27 agosto, ha fatto seguito a una richiesta della Provincia coreana, che si presenta come capitale dell\u2019intelligenza artificiale della Repubblica di Corea, interessata ad approfondire [&hellip;]<\/p>\n\t\t\t\t<a title=\"Il Governatore della Provincia coreana di Chungcheongnam-do in visita all\u2019AI Hub for Sustainable Development di Roma\" class=\"read-more\" href=\"https:\/\/www.esteri.it\/it\/sala_stampa\/archivionotizie\/diplomazia-economica\/2026\/08\/il-governatore-della-provincia-coreana-di-chungcheongnam-do-in-visita-allai-hub-for-sustainable-development-di-roma\/\">\n\t\t\t\t\t<span class=\"text\">Leggi di pi\u00f9<\/span>\n\t\t\t\t\t<svg class=\"icon\">\n\t\t\t\t\t<use xlink:href=\"https:\/\/www.esteri.it\/wp-content\/themes\/mae\/assets\/svg\/sprite.svg#it-arrow-right\"><\/use>\n\t\t\t\t\t<\/svg>\n\t\t\t\t<\/a>\n\t\t\t\t<\/div>\n\t\t\t<\/div>\n\t\t\t<\/div>\n\t\t\t<!--end card-->\n\t\t\t<\/div><!-- col-12 .mt-3-->\n\t\t\t<div class=\"col-12 col-lg-6 mt-3\">\n\t\t\t<!--start card-->\n\t\t\t<div class=\"card-wrapper\">\n\t\t\t<div class=\"card card-img card-bg card-big border-bottom-card\">\n\t\t\t\t<div class=\"img-responsive-wrapper\">\n\t\t\t\t\t<div class=\"img-responsive\">\n\t\t\t\t\t\t<figure class=\"img-wrapper\">\n\t\t\t\t\t\t\t<img decoding=\"async\" loading=\"lazy\" width=\"416\" height=\"255\" src=\"https:\/\/www.esteri.it\/wp-content\/uploads\/2026\/08\/statistics-768x512.jpg\" srcset= \"https:\/\/www.esteri.it\/wp-content\/uploads\/2026\/08\/statistics-scaled.jpg 2560w, https:\/\/www.esteri.it\/wp-content\/uploads\/2026\/08\/statistics-300x200.jpg 300w, https:\/\/www.esteri.it\/wp-content\/uploads\/2026\/08\/statistics-1024x683.jpg 1024w, https:\/\/www.esteri.it\/wp-content\/uploads\/2026\/08\/statistics-768x512.jpg 768w, https:\/\/www.esteri.it\/wp-content\/uploads\/2026\/08\/statistics-1536x1024.jpg 1536w, https:\/\/www.esteri.it\/wp-content\/uploads\/2026\/08\/statistics-2048x1365.jpg 2048w\" sizes=\"auto, (max-width: 2560px) 100vw, 2560px\" title=\"statistics\" alt=\"statistics\" class=\"img-fluid\">\n\t\t\t\t\t\t<\/figure>\n\t\t\t\t\t<\/div>\n\t\t\t\t<\/div>\n\t\t\t\t<div class=\"card-body\">\n\t\t\t\t<div class=\"category-top\">\n\t\t\t\t\t<span class=\"category\">\n\t\t\t\t\t<svg class=\"icon icon-secondary\">\n\t\t\t\t\t\t<use xlink:href=\"https:\/\/www.esteri.it\/wp-content\/themes\/mae\/assets\/svg\/sprite.svg#it-calendar\"><\/use>\n\t\t\t\t\t<\/svg>\n\t\t\t\t\t<\/span>\n\t\t\t\t\t<span class=\"data\">10 Agosto 2026<\/span>\n\t\t\t\t<\/div>\n\t\t\t\t<h5 class=\"card-title big-heading text-uppercase\"><a class=\"text-body text-decoration-none\" href=\"https:\/\/www.esteri.it\/it\/sala_stampa\/archivionotizie\/diplomazia-economica\/2026\/08\/due-nuovi-documenti-di-istat-e-ice-agenzia-fotografano-la-posizione-dellitalia-nei-commerci-mondiali\/\" title=\"Due nuovi documenti di ISTAT e ICE Agenzia fotografano la posizione dell\u2019Italia nei commerci mondiali\">Due nuovi documenti di ISTAT e ICE Agenzia fotografano la posizione dell\u2019Italia nei commerci mondiali<\/a><\/h5>\n\t\t\t\t<p class=\"card-text\">L\u2019Aula dei Gruppi parlamentari della Camera dei deputati ha ospitato, gioved\u00ec 16 luglio, la presentazione dell\u2019Annuario statistico ISTAT-ICE e del Rapporto di ICE Agenzia \u201cL\u2019Italia nell\u2019economia internazionale\u201d, due pubblicazioni di riferimento per capire l\u2019evoluzione del commercio estero e dell\u2019economia mondiale e la posizione che l\u2019Italia occupa in questo contesto. L\u2019iniziativa, caduta nell\u2019anno del centenario di [&hellip;]<\/p>\n\t\t\t\t<a title=\"Due nuovi documenti di ISTAT e ICE Agenzia fotografano la posizione dell\u2019Italia nei commerci mondiali\" class=\"read-more\" href=\"https:\/\/www.esteri.it\/it\/sala_stampa\/archivionotizie\/diplomazia-economica\/2026\/08\/due-nuovi-documenti-di-istat-e-ice-agenzia-fotografano-la-posizione-dellitalia-nei-commerci-mondiali\/\">\n\t\t\t\t\t<span class=\"text\">Leggi di pi\u00f9<\/span>\n\t\t\t\t\t<svg class=\"icon\">\n\t\t\t\t\t<use xlink:href=\"https:\/\/www.esteri.it\/wp-content\/themes\/mae\/assets\/svg\/sprite.svg#it-arrow-right\"><\/use>\n\t\t\t\t\t<\/svg>\n\t\t\t\t<\/a>\n\t\t\t\t<\/div>\n\t\t\t<\/div>\n\t\t\t<\/div>\n\t\t\t<!--end card-->\n\t\t\t<\/div><!-- col-12 .mt-3--><ul class=\"list-unstyled mt-4\">\n\t\t\t\t\t<li class=\"media mt-2\">\n                        <a class=\"text-decoration-none fw-bold\" href=\"https:\/\/www.esteri.it\/sala_stampa\/archivionotizie\/diplomazia-economica\" title=\"Vedi tutti\">\n                                Vedi tutti\n                            <svg class=\"icon icon-sm icon-primary\"><use xlink:href=\"https:\/\/www.esteri.it\/wp-content\/themes\/mae\/assets\/svg\/sprite.svg#it-arrow-right\"><\/use><\/svg>\n                        <\/a>\n                     <\/li>\n\t\t\t\t<\/ul>\n\t\t\t<\/div>\n","protected":false},"excerpt":{"rendered":"La diplomazia economica italiana \u00e8 l\u2019attivit\u00e0 del Ministero degli Affari Esteri e della Cooperazione Internazionale volta a sostenere le imprese italiane all\u2019estero e a favorire la crescita del Paese in differenti ambiti. Coordinati dalla Direzione Generale per la Crescita e la Promozione delle Esportazioni della Farnesina &#8211; che a sua volta \u00e8 in raccordo costante [&hellip;]","protected":false},"author":1,"featured_media":0,"parent":155826,"menu_order":40,"comment_status":"closed","ping_status":"closed","template":"page-imprese.php","meta":{"footnotes":""},"class_list":["post-329","page","type-page","status-publish","hentry"],"_links":{"self":[{"href":"https:\/\/www.esteri.it\/it\/wp-json\/wp\/v2\/pages\/329","targetHints":{"allow":["GET"]}}],"collection":[{"href":"https:\/\/www.esteri.it\/it\/wp-json\/wp\/v2\/pages"}],"about":[{"href":"https:\/\/www.esteri.it\/it\/wp-json\/wp\/v2\/types\/page"}],"author":[{"embeddable":true,"href":"https:\/\/www.esteri.it\/it\/wp-json\/wp\/v2\/users\/1"}],"replies":[{"embeddable":true,"href":"https:\/\/www.esteri.it\/it\/wp-json\/wp\/v2\/comments?post=329"}],"version-history":[{"count":8,"href":"https:\/\/www.esteri.it\/it\/wp-json\/wp\/v2\/pages\/329\/revisions"}],"predecessor-version":[{"id":201988,"href":"https:\/\/www.esteri.it\/it\/wp-json\/wp\/v2\/pages\/329\/revisions\/201988"}],"up":[{"embeddable":true,"href":"https:\/\/www.esteri.it\/it\/wp-json\/wp\/v2\/pages\/155826"}],"wp:attachment":[{"href":"https:\/\/www.esteri.it\/it\/wp-json\/wp\/v2\/media?parent=329"}],"curies":[{"name":"wp","href":"https:\/\/api.w.org\/{rel}","templated":true}]}}