{"id":80086,"date":"2022-06-07T15:32:01","date_gmt":"2022-06-07T13:32:01","guid":{"rendered":"https:\/\/www.esteri.it\/?page_id=80086"},"modified":"2022-06-07T15:42:23","modified_gmt":"2022-06-07T13:42:23","slug":"notestampa","status":"publish","type":"page","link":"https:\/\/www.esteri.it\/it\/sala_stampa\/archivionotizie\/notestampa\/","title":{"rendered":"Note di accreditamento"},"content":{"rendered":"\n\t\t<div class=\"row\">\n\t\t\t<!-- Ricerca bandi end -->\n\t\t\t<div class=\"col-12 mt-4\">\n\t\t\t  <div class=\"callout callout-highlight note ricerca-esteri p-4\">\n\t\t\t\t<div class=\"callout-title\">\n\t\t\t\t\t<svg class=\"icon\">\n\t\t\t\t\t\t<use xlink:href=\"https:\/\/www.esteri.it\/wp-content\/themes\/mae\/assets\/svg\/sprite.svg#it-search\"><\/use>\n\t\t\t\t\t  <\/svg>Inserisci i parametri di ricerca\n\t\t\t\t  <\/div>\n\t\t\t\t<form name=\"form-bandi-end\" class=\"form-row align-items-center\" action=\"https:\/\/www.esteri.it\/it\/wp-json\/wp\/v2\/pages\/80086\/\" method=\"GET\"> \n\t\t\t\t\t<div class=\"row pt-2\">\n\t\t\t\t\t\t<input type=\"hidden\" id=\"lang\" name=\"lang\" value=\"it\"> \n    <div class=\"form-group col-md-6\">\n        <label class=\"active\" id=\"searchTextLabel\" for=\"searchText\">Ricerca per nome<\/label>\n        <input type=\"text\" class=\"form-control\" id=\"searchText\" name=\"text\" >\n    <\/div>\n    \n     <div class=\" form-group col-md-3\">\n     <div class=\"select-wrapper\">\n       <label>Anno<\/label> \n       <select name=\"anno_pub\">\n       <option value=\"\">Nessuna Selezione<\/option>\n         <option value=\"2026\">2026<\/option><option value=\"2025\">2025<\/option><option value=\"2024\">2024<\/option><option value=\"2023\">2023<\/option><option value=\"2022\">2022<\/option><option value=\"2021\">2021<\/option><option value=\"2020\">2020<\/option><option value=\"2019\">2019<\/option><option value=\"2018\">2018<\/option><option value=\"2017\">2017<\/option><option value=\"2016\">2016<\/option>\n       <\/select>\n     <\/div>\n   <\/div>\n        <div class=\" form-group col-md-3\">\n            <div class=\"select-wrapper\">\n            <label>Mese<\/label>\n            <select name=\"mese_pub\">\n         <option value=\"\" selected>Tutti i mesi<\/option><option value=\"1\">Gennaio<\/option><option value=\"2\">Febbraio<\/option><option value=\"3\">Marzo<\/option><option value=\"4\">Aprile<\/option><option value=\"5\">Maggio<\/option><option value=\"6\">Giugno<\/option><option value=\"7\">Luglio<\/option><option value=\"8\">Agosto<\/option><option value=\"9\">Settembre<\/option><option value=\"10\">Ottobre<\/option><option value=\"11\">Novembre<\/option><option value=\"12\">Dicembre<\/option>\n       <\/select>\n     <\/div>\n   <\/div><\/div><div class=\"form-group col-md-12 pt-2 text-end\">\n\t\t\t\t\t\t<a href=\"https:\/\/www.esteri.it\/it\/wp-json\/wp\/v2\/pages\/80086\/\" class=\"btn btn-outline-primary btn-xs\">Reset<\/a>\n\t\t\t\t\t<button type=\"submit\" class=\"btn btn-primary btn-xs\">Mostra risultati<\/button>\n\t\t\t\t\t<\/div>\n\t\t\t\t<\/form>\n\t\t\t\t<\/div>\n\t\t\t<\/div>\n\t\t<\/div><div class=\"row\">\n\t\t<div class=\"col-12 mt-3\">\n\t\t<!--start card-->\n\t\t<div class=\"card-wrapper\">\n\t\t  <div class=\"card card-bg card-big border-bottom-card\">\n\t\t\t<div class=\"card-body\">\n\t\t\t  <div class=\"category-top\">\n\t\t\t\t<span class=\"category\">\n\t\t\t\t  <svg class=\"icon icon-secondary\">\n\t\t\t\t\t<use xlink:href=\"https:\/\/www.esteri.it\/wp-content\/themes\/mae\/assets\/svg\/sprite.svg#it-calendar\"><\/use>\n\t\t\t\t  <\/svg>\n\t\t\t\t<\/span>\n\t\t\t\t<span class=\"data\">23 Aprile 2026<\/span>\n\t\t\t  <\/div>\n\t\t\t  <h5 class=\"card-title big-heading text-uppercase\"><a class=\"text-body text-decoration-none\" href=\"https:\/\/www.esteri.it\/it\/sala_stampa\/archivionotizie\/notestampa\/2026\/04\/reminder-nota-accreditamento-stampa-forum-economico-italia-america-latina-italia-europa-e-america-latina-il-tempo-della-svolta-verso-una-nuova-centralita-strategica-prospettive-di-cr\/\" title=\"REMINDER: Nota accreditamento stampa &#8211; Forum economico Italia \u2013 America Latina &#8220;Italia, Europa e America Latina: il tempo della svolta verso una nuova centralit\u00e0 strategica. Prospettive di crescita e Mercosur&#8221; (27 aprile, Teatro Metastasio di Prato)\">REMINDER: Nota accreditamento stampa &#8211; Forum economico Italia \u2013 America Latina &#8220;Italia, Europa e America Latina: il tempo della svolta verso una nuova centralit\u00e0 strategica. Prospettive di crescita e Mercosur&#8221; (27 aprile, Teatro Metastasio di Prato)<\/a><\/h5>\n\t\t\t  <p class=\"card-text\">Forum economico Italia \u2013 America Latina &#8220;Italia, Europa e America Latina: il tempo della svolta verso una nuova centralit\u00e0 strategica. Prospettive di crescita e Mercosur&#8221; (27 aprile, Teatro Metastasio di Prato) &nbsp; Luned\u00ec 27 aprile, si terr\u00e0 a Prato il forum economico &#8220;Italia, Europa e America Latina: il tempo della svolta verso una nuova centralit\u00e0 [&hellip;]<\/p>\n\t\t\t  <a title=\"REMINDER: Nota accreditamento stampa &#8211; Forum economico Italia \u2013 America Latina &#8220;Italia, Europa e America Latina: il tempo della svolta verso una nuova centralit\u00e0 strategica. Prospettive di crescita e Mercosur&#8221; (27 aprile, Teatro Metastasio di Prato)\" class=\"read-more\" href=\"https:\/\/www.esteri.it\/it\/sala_stampa\/archivionotizie\/notestampa\/2026\/04\/reminder-nota-accreditamento-stampa-forum-economico-italia-america-latina-italia-europa-e-america-latina-il-tempo-della-svolta-verso-una-nuova-centralita-strategica-prospettive-di-cr\/\">\n\t\t\t\t<span class=\"text\">Leggi di pi\u00f9<\/span>\n\t\t\t\t<svg class=\"icon\">\n\t\t\t\t  <use xlink:href=\"https:\/\/www.esteri.it\/wp-content\/themes\/mae\/assets\/svg\/sprite.svg#it-arrow-right\"><\/use>\n\t\t\t\t<\/svg>\n\t\t\t  <\/a>\n\t\t\t<\/div>\n\t\t  <\/div>\n\t\t<\/div>\n\t\t<!--end card-->\n\t\t<\/div><!-- col-12 .mt-3-->\n\t\t\n\t\t<div class=\"col-12 mt-3\">\n\t\t<!--start card-->\n\t\t<div class=\"card-wrapper\">\n\t\t  <div class=\"card card-bg card-big border-bottom-card\">\n\t\t\t<div class=\"card-body\">\n\t\t\t  <div class=\"category-top\">\n\t\t\t\t<span class=\"category\">\n\t\t\t\t  <svg class=\"icon icon-secondary\">\n\t\t\t\t\t<use xlink:href=\"https:\/\/www.esteri.it\/wp-content\/themes\/mae\/assets\/svg\/sprite.svg#it-calendar\"><\/use>\n\t\t\t\t  <\/svg>\n\t\t\t\t<\/span>\n\t\t\t\t<span class=\"data\">22 Aprile 2026<\/span>\n\t\t\t  <\/div>\n\t\t\t  <h5 class=\"card-title big-heading text-uppercase\"><a class=\"text-body text-decoration-none\" href=\"https:\/\/www.esteri.it\/it\/sala_stampa\/archivionotizie\/notestampa\/2026\/04\/nota-di-accreditamento-stampa-inaugurazione-di-cinque-nuove-targhe-nel-giardino-dei-giusti-della-farnesina-piazzale-della-farnesina-23-aprile-2026\/\" title=\"Nota di accreditamento stampa &#8211; Inaugurazione di cinque nuove targhe nel Giardino dei Giusti della Farnesina (Piazzale della Farnesina, 23 aprile 2026)\">Nota di accreditamento stampa &#8211; Inaugurazione di cinque nuove targhe nel Giardino dei Giusti della Farnesina (Piazzale della Farnesina, 23 aprile 2026)<\/a><\/h5>\n\t\t\t  <p class=\"card-text\">NOTA DI ACCREDITAMENTO STAMPA Inaugurazione di cinque nuove targhe nel \u201cGiardino dei Giusti della Farnesina\u201d Piazzale della Farnesina, 23 aprile 2026 &nbsp; Gioved\u00ec 23 aprile 2026, alle ore 12:00 il Ministro degli Affari Esteri e della Cooperazione Internazionale, Antonio Tajani, il Sindaco di Roma, Roberto Gualtieri e il Presidente della Fondazione Gariwo, Gabriele Nissim, inaugureranno [&hellip;]<\/p>\n\t\t\t  <a title=\"Nota di accreditamento stampa &#8211; Inaugurazione di cinque nuove targhe nel Giardino dei Giusti della Farnesina (Piazzale della Farnesina, 23 aprile 2026)\" class=\"read-more\" href=\"https:\/\/www.esteri.it\/it\/sala_stampa\/archivionotizie\/notestampa\/2026\/04\/nota-di-accreditamento-stampa-inaugurazione-di-cinque-nuove-targhe-nel-giardino-dei-giusti-della-farnesina-piazzale-della-farnesina-23-aprile-2026\/\">\n\t\t\t\t<span class=\"text\">Leggi di pi\u00f9<\/span>\n\t\t\t\t<svg class=\"icon\">\n\t\t\t\t  <use xlink:href=\"https:\/\/www.esteri.it\/wp-content\/themes\/mae\/assets\/svg\/sprite.svg#it-arrow-right\"><\/use>\n\t\t\t\t<\/svg>\n\t\t\t  <\/a>\n\t\t\t<\/div>\n\t\t  <\/div>\n\t\t<\/div>\n\t\t<!--end card-->\n\t\t<\/div><!-- col-12 .mt-3-->\n\t\t\n\t\t<div class=\"col-12 mt-3\">\n\t\t<!--start card-->\n\t\t<div class=\"card-wrapper\">\n\t\t  <div class=\"card card-bg card-big border-bottom-card\">\n\t\t\t<div class=\"card-body\">\n\t\t\t  <div class=\"category-top\">\n\t\t\t\t<span class=\"category\">\n\t\t\t\t  <svg class=\"icon icon-secondary\">\n\t\t\t\t\t<use xlink:href=\"https:\/\/www.esteri.it\/wp-content\/themes\/mae\/assets\/svg\/sprite.svg#it-calendar\"><\/use>\n\t\t\t\t  <\/svg>\n\t\t\t\t<\/span>\n\t\t\t\t<span class=\"data\">22 Aprile 2026<\/span>\n\t\t\t  <\/div>\n\t\t\t  <h5 class=\"card-title big-heading text-uppercase\"><a class=\"text-body text-decoration-none\" href=\"https:\/\/www.esteri.it\/it\/sala_stampa\/archivionotizie\/notestampa\/2026\/04\/nota-di-accreditamento-stampa-obiettivo-export-imprese-e-territori-del-nord-italia-verso-la-conferenza-nazionale-dellexport-2026-torino-29-aprile-2026\/\" title=\"Nota di accreditamento stampa &#8211; Obiettivo Export: Imprese e Territori del Nord Italia Verso la Conferenza Nazionale dell\u2019Export 2026 (Torino, 29 aprile 2026)\">Nota di accreditamento stampa &#8211; Obiettivo Export: Imprese e Territori del Nord Italia Verso la Conferenza Nazionale dell\u2019Export 2026 (Torino, 29 aprile 2026)<\/a><\/h5>\n\t\t\t  <p class=\"card-text\">NOTA DI ACCREDITAMENTO STAMPA Obiettivo Export: Imprese e Territori del Nord Italia Verso la Conferenza Nazionale dell\u2019Export 2026 (Torino, 29 aprile 2026) Mercoled\u00ec 29 aprile si terr\u00e0 a Torino, presso OGR Torino, l\u2019iniziativa \u201cObiettivo Export: Imprese e Territori del Nord Italia Verso la Conferenza Nazionale dell\u2019Export 2026\u201d. L\u2019evento sar\u00e0 presieduto dal Ministro degli Affari Esteri [&hellip;]<\/p>\n\t\t\t  <a title=\"Nota di accreditamento stampa &#8211; Obiettivo Export: Imprese e Territori del Nord Italia Verso la Conferenza Nazionale dell\u2019Export 2026 (Torino, 29 aprile 2026)\" class=\"read-more\" href=\"https:\/\/www.esteri.it\/it\/sala_stampa\/archivionotizie\/notestampa\/2026\/04\/nota-di-accreditamento-stampa-obiettivo-export-imprese-e-territori-del-nord-italia-verso-la-conferenza-nazionale-dellexport-2026-torino-29-aprile-2026\/\">\n\t\t\t\t<span class=\"text\">Leggi di pi\u00f9<\/span>\n\t\t\t\t<svg class=\"icon\">\n\t\t\t\t  <use xlink:href=\"https:\/\/www.esteri.it\/wp-content\/themes\/mae\/assets\/svg\/sprite.svg#it-arrow-right\"><\/use>\n\t\t\t\t<\/svg>\n\t\t\t  <\/a>\n\t\t\t<\/div>\n\t\t  <\/div>\n\t\t<\/div>\n\t\t<!--end card-->\n\t\t<\/div><!-- col-12 .mt-3-->\n\t\t\n\t\t<div class=\"col-12 mt-3\">\n\t\t<!--start card-->\n\t\t<div class=\"card-wrapper\">\n\t\t  <div class=\"card card-bg card-big border-bottom-card\">\n\t\t\t<div class=\"card-body\">\n\t\t\t  <div class=\"category-top\">\n\t\t\t\t<span class=\"category\">\n\t\t\t\t  <svg class=\"icon icon-secondary\">\n\t\t\t\t\t<use xlink:href=\"https:\/\/www.esteri.it\/wp-content\/themes\/mae\/assets\/svg\/sprite.svg#it-calendar\"><\/use>\n\t\t\t\t  <\/svg>\n\t\t\t\t<\/span>\n\t\t\t\t<span class=\"data\">21 Aprile 2026<\/span>\n\t\t\t  <\/div>\n\t\t\t  <h5 class=\"card-title big-heading text-uppercase\"><a class=\"text-body text-decoration-none\" href=\"https:\/\/www.esteri.it\/it\/sala_stampa\/archivionotizie\/notestampa\/2026\/04\/nota-di-accreditamento-stampa-forum-economico-italia-america-latina-27-aprile-teatro-metastasio-di-prato\/\" title=\"Nota di accreditamento stampa &#8211; Forum economico Italia-America Latina (27 aprile, Teatro Metastasio di Prato)\">Nota di accreditamento stampa &#8211; Forum economico Italia-America Latina (27 aprile, Teatro Metastasio di Prato)<\/a><\/h5>\n\t\t\t  <p class=\"card-text\">NOTA DI ACCREDITAMENTO STAMPA Forum economico Italia \u2013 America Latina &#8220;Italia, Europa e America Latina: il tempo della svolta verso una nuova centralit\u00e0 strategica. Prospettive di crescita e Mercosur&#8221; (27 aprile, Teatro Metastasio di Prato) &nbsp; Luned\u00ec 27 aprile, si terr\u00e0 a Prato il forum economico &#8220;Italia, Europa e America Latina: il tempo della svolta [&hellip;]<\/p>\n\t\t\t  <a title=\"Nota di accreditamento stampa &#8211; Forum economico Italia-America Latina (27 aprile, Teatro Metastasio di Prato)\" class=\"read-more\" href=\"https:\/\/www.esteri.it\/it\/sala_stampa\/archivionotizie\/notestampa\/2026\/04\/nota-di-accreditamento-stampa-forum-economico-italia-america-latina-27-aprile-teatro-metastasio-di-prato\/\">\n\t\t\t\t<span class=\"text\">Leggi di pi\u00f9<\/span>\n\t\t\t\t<svg class=\"icon\">\n\t\t\t\t  <use xlink:href=\"https:\/\/www.esteri.it\/wp-content\/themes\/mae\/assets\/svg\/sprite.svg#it-arrow-right\"><\/use>\n\t\t\t\t<\/svg>\n\t\t\t  <\/a>\n\t\t\t<\/div>\n\t\t  <\/div>\n\t\t<\/div>\n\t\t<!--end card-->\n\t\t<\/div><!-- col-12 .mt-3-->\n\t\t\n\t\t<div class=\"col-12 mt-3\">\n\t\t<!--start card-->\n\t\t<div class=\"card-wrapper\">\n\t\t  <div class=\"card card-bg card-big border-bottom-card\">\n\t\t\t<div class=\"card-body\">\n\t\t\t  <div class=\"category-top\">\n\t\t\t\t<span class=\"category\">\n\t\t\t\t  <svg class=\"icon icon-secondary\">\n\t\t\t\t\t<use xlink:href=\"https:\/\/www.esteri.it\/wp-content\/themes\/mae\/assets\/svg\/sprite.svg#it-calendar\"><\/use>\n\t\t\t\t  <\/svg>\n\t\t\t\t<\/span>\n\t\t\t\t<span class=\"data\">17 Aprile 2026<\/span>\n\t\t\t  <\/div>\n\t\t\t  <h5 class=\"card-title big-heading text-uppercase\"><a class=\"text-body text-decoration-none\" href=\"https:\/\/www.esteri.it\/it\/sala_stampa\/archivionotizie\/notestampa\/2026\/04\/reminder-nota-accreditamento-stampa-business-forum-italia-kenya-hotel-cavalieri-waldorf-astoria-20-aprile-2026\/\" title=\"REMINDER: Nota accreditamento stampa &#8211; Business Forum Italia-Kenya (Hotel Cavalieri Waldorf Astoria, 20 aprile 2026)\">REMINDER: Nota accreditamento stampa &#8211; Business Forum Italia-Kenya (Hotel Cavalieri Waldorf Astoria, 20 aprile 2026)<\/a><\/h5>\n\t\t\t  <p class=\"card-text\">REMINDER: NOTA DI ACCREDITAMENTO STAMPA Business Forum Italia-Kenya (20 aprile &#8211; Hotel Cavalieri Waldorf Astoria, Roma) \u00a0 Luned\u00ec 20 aprile 2026 pomeriggio, avr\u00e0 luogo il Business Forum Italia-Kenya, presso l\u2019Hotel Cavalieri Waldorf Astoria di Roma. L\u2019economia del Kenya si conferma tra le pi\u00f9 dinamiche dell\u2019Africa Orientale, con una crescita del PIL del 4,7% nel 2024 [&hellip;]<\/p>\n\t\t\t  <a title=\"REMINDER: Nota accreditamento stampa &#8211; Business Forum Italia-Kenya (Hotel Cavalieri Waldorf Astoria, 20 aprile 2026)\" class=\"read-more\" href=\"https:\/\/www.esteri.it\/it\/sala_stampa\/archivionotizie\/notestampa\/2026\/04\/reminder-nota-accreditamento-stampa-business-forum-italia-kenya-hotel-cavalieri-waldorf-astoria-20-aprile-2026\/\">\n\t\t\t\t<span class=\"text\">Leggi di pi\u00f9<\/span>\n\t\t\t\t<svg class=\"icon\">\n\t\t\t\t  <use xlink:href=\"https:\/\/www.esteri.it\/wp-content\/themes\/mae\/assets\/svg\/sprite.svg#it-arrow-right\"><\/use>\n\t\t\t\t<\/svg>\n\t\t\t  <\/a>\n\t\t\t<\/div>\n\t\t  <\/div>\n\t\t<\/div>\n\t\t<!--end card-->\n\t\t<\/div><!-- col-12 .mt-3-->\n\t\t\n\t\t<div class=\"col-12 mt-3\">\n\t\t<!--start card-->\n\t\t<div class=\"card-wrapper\">\n\t\t  <div class=\"card card-bg card-big border-bottom-card\">\n\t\t\t<div class=\"card-body\">\n\t\t\t  <div class=\"category-top\">\n\t\t\t\t<span class=\"category\">\n\t\t\t\t  <svg class=\"icon icon-secondary\">\n\t\t\t\t\t<use xlink:href=\"https:\/\/www.esteri.it\/wp-content\/themes\/mae\/assets\/svg\/sprite.svg#it-calendar\"><\/use>\n\t\t\t\t  <\/svg>\n\t\t\t\t<\/span>\n\t\t\t\t<span class=\"data\">17 Aprile 2026<\/span>\n\t\t\t  <\/div>\n\t\t\t  <h5 class=\"card-title big-heading text-uppercase\"><a class=\"text-body text-decoration-none\" href=\"https:\/\/www.esteri.it\/it\/sala_stampa\/archivionotizie\/notestampa\/2026\/04\/nota-informativa-riunione-dei-ministri-degli-esteri-nato-helsingborg-svezia-21-22-maggio-2026\/\" title=\"NOTA INFORMATIVA &#8211; Riunione dei Ministri degli Esteri NATO (Helsingborg, Svezia &#8211; 21-22 maggio 2026)\">NOTA INFORMATIVA &#8211; Riunione dei Ministri degli Esteri NATO (Helsingborg, Svezia &#8211; 21-22 maggio 2026)<\/a><\/h5>\n\t\t\t  <p class=\"card-text\">NOTA INFORMATIVA Riunione dei Ministri degli Esteri NATO (Helsingborg, Svezia &#8211; 21-22 maggio 2026) &nbsp; Gioved\u00ec 21 e venerd\u00ec 22 maggio si terr\u00e0 presso l\u2019Hotel Clarion Sea U a Helsingborg (Svezia) la Riunione dei Ministri degli Esteri NATO. L\u2019incontro sar\u00e0 presieduto dal Segretario Generale della NATO, Mark Rutte. \u00c8 prevista la partecipazione del Ministro degli [&hellip;]<\/p>\n\t\t\t  <a title=\"NOTA INFORMATIVA &#8211; Riunione dei Ministri degli Esteri NATO (Helsingborg, Svezia &#8211; 21-22 maggio 2026)\" class=\"read-more\" href=\"https:\/\/www.esteri.it\/it\/sala_stampa\/archivionotizie\/notestampa\/2026\/04\/nota-informativa-riunione-dei-ministri-degli-esteri-nato-helsingborg-svezia-21-22-maggio-2026\/\">\n\t\t\t\t<span class=\"text\">Leggi di pi\u00f9<\/span>\n\t\t\t\t<svg class=\"icon\">\n\t\t\t\t  <use xlink:href=\"https:\/\/www.esteri.it\/wp-content\/themes\/mae\/assets\/svg\/sprite.svg#it-arrow-right\"><\/use>\n\t\t\t\t<\/svg>\n\t\t\t  <\/a>\n\t\t\t<\/div>\n\t\t  <\/div>\n\t\t<\/div>\n\t\t<!--end card-->\n\t\t<\/div><!-- col-12 .mt-3-->\n\t\t\n\t\t<div class=\"col-12 mt-3\">\n\t\t<!--start card-->\n\t\t<div class=\"card-wrapper\">\n\t\t  <div class=\"card card-bg card-big border-bottom-card\">\n\t\t\t<div class=\"card-body\">\n\t\t\t  <div class=\"category-top\">\n\t\t\t\t<span class=\"category\">\n\t\t\t\t  <svg class=\"icon icon-secondary\">\n\t\t\t\t\t<use xlink:href=\"https:\/\/www.esteri.it\/wp-content\/themes\/mae\/assets\/svg\/sprite.svg#it-calendar\"><\/use>\n\t\t\t\t  <\/svg>\n\t\t\t\t<\/span>\n\t\t\t\t<span class=\"data\">15 Aprile 2026<\/span>\n\t\t\t  <\/div>\n\t\t\t  <h5 class=\"card-title big-heading text-uppercase\"><a class=\"text-body text-decoration-none\" href=\"https:\/\/www.esteri.it\/it\/sala_stampa\/archivionotizie\/notestampa\/2026\/04\/nota-di-accreditamento-stampa-business-forum-italia-kenya-20-aprile-hotel-cavalieri-waldorf-astoria-roma\/\" title=\"NOTA DI ACCREDITAMENTO STAMPA Business Forum Italia-Kenya (20 aprile &#8211; Hotel Cavalieri Waldorf Astoria, Roma)\">NOTA DI ACCREDITAMENTO STAMPA Business Forum Italia-Kenya (20 aprile &#8211; Hotel Cavalieri Waldorf Astoria, Roma)<\/a><\/h5>\n\t\t\t  <p class=\"card-text\">Luned\u00ec 20 aprile 2026 pomeriggio, avr\u00e0 luogo il Business Forum Italia-Kenya, presso l\u2019Hotel Cavalieri Waldorf Astoria di Roma. L\u2019economia del Kenya si conferma tra le pi\u00f9 dinamiche dell\u2019Africa Orientale, con una crescita del PIL del 4,7% nel 2024 e proiezioni di crescita intorno al 5% anche nel 2025. Il Kenya \u00e8 parte del Piano Mattei [&hellip;]<\/p>\n\t\t\t  <a title=\"NOTA DI ACCREDITAMENTO STAMPA Business Forum Italia-Kenya (20 aprile &#8211; Hotel Cavalieri Waldorf Astoria, Roma)\" class=\"read-more\" href=\"https:\/\/www.esteri.it\/it\/sala_stampa\/archivionotizie\/notestampa\/2026\/04\/nota-di-accreditamento-stampa-business-forum-italia-kenya-20-aprile-hotel-cavalieri-waldorf-astoria-roma\/\">\n\t\t\t\t<span class=\"text\">Leggi di pi\u00f9<\/span>\n\t\t\t\t<svg class=\"icon\">\n\t\t\t\t  <use xlink:href=\"https:\/\/www.esteri.it\/wp-content\/themes\/mae\/assets\/svg\/sprite.svg#it-arrow-right\"><\/use>\n\t\t\t\t<\/svg>\n\t\t\t  <\/a>\n\t\t\t<\/div>\n\t\t  <\/div>\n\t\t<\/div>\n\t\t<!--end card-->\n\t\t<\/div><!-- col-12 .mt-3-->\n\t\t\n\t\t<div class=\"col-12 mt-3\">\n\t\t<!--start card-->\n\t\t<div class=\"card-wrapper\">\n\t\t  <div class=\"card card-bg card-big border-bottom-card\">\n\t\t\t<div class=\"card-body\">\n\t\t\t  <div class=\"category-top\">\n\t\t\t\t<span class=\"category\">\n\t\t\t\t  <svg class=\"icon icon-secondary\">\n\t\t\t\t\t<use xlink:href=\"https:\/\/www.esteri.it\/wp-content\/themes\/mae\/assets\/svg\/sprite.svg#it-calendar\"><\/use>\n\t\t\t\t  <\/svg>\n\t\t\t\t<\/span>\n\t\t\t\t<span class=\"data\">30 Marzo 2026<\/span>\n\t\t\t  <\/div>\n\t\t\t  <h5 class=\"card-title big-heading text-uppercase\"><a class=\"text-body text-decoration-none\" href=\"https:\/\/www.esteri.it\/it\/sala_stampa\/archivionotizie\/notestampa\/2026\/03\/reminder-nota-accreditamento-stampa-xvi-conferenza-maeci-banca-ditalia-farnesina-2-aprile-2026\/\" title=\"REMINDER: Nota accreditamento stampa &#8211; XVI Conferenza MAECI \u2013 Banca d\u2019Italia (Farnesina, 2 aprile 2026)\">REMINDER: Nota accreditamento stampa &#8211; XVI Conferenza MAECI \u2013 Banca d\u2019Italia (Farnesina, 2 aprile 2026)<\/a><\/h5>\n\t\t\t  <p class=\"card-text\">REMINDER: NOTA DI ACCREDITAMENTO STAMPA XVI Conferenza MAECI \u2013 Banca d\u2019Italia con i Delegati e gli Addetti finanziari accreditati all\u2019estero (Farnesina &#8211; Sala Conferenze Internazionali, 2 aprile 2026) Gioved\u00ec 2 aprile,\u00a0si svolger\u00e0 alla Farnesina la\u00a0XVI edizione della\u00a0Conferenza annuale MAECI \u2013 Banca d\u2019Italia,\u00a0dal titolo \u201cUn mondo turbolento: crisi politiche, contrasti commerciali e shock economico-finanziari. Quali strategie [&hellip;]<\/p>\n\t\t\t  <a title=\"REMINDER: Nota accreditamento stampa &#8211; XVI Conferenza MAECI \u2013 Banca d\u2019Italia (Farnesina, 2 aprile 2026)\" class=\"read-more\" href=\"https:\/\/www.esteri.it\/it\/sala_stampa\/archivionotizie\/notestampa\/2026\/03\/reminder-nota-accreditamento-stampa-xvi-conferenza-maeci-banca-ditalia-farnesina-2-aprile-2026\/\">\n\t\t\t\t<span class=\"text\">Leggi di pi\u00f9<\/span>\n\t\t\t\t<svg class=\"icon\">\n\t\t\t\t  <use xlink:href=\"https:\/\/www.esteri.it\/wp-content\/themes\/mae\/assets\/svg\/sprite.svg#it-arrow-right\"><\/use>\n\t\t\t\t<\/svg>\n\t\t\t  <\/a>\n\t\t\t<\/div>\n\t\t  <\/div>\n\t\t<\/div>\n\t\t<!--end card-->\n\t\t<\/div><!-- col-12 .mt-3-->\n\t\t\n\t\t<div class=\"col-12 mt-3\">\n\t\t<!--start card-->\n\t\t<div class=\"card-wrapper\">\n\t\t  <div class=\"card card-bg card-big border-bottom-card\">\n\t\t\t<div class=\"card-body\">\n\t\t\t  <div class=\"category-top\">\n\t\t\t\t<span class=\"category\">\n\t\t\t\t  <svg class=\"icon icon-secondary\">\n\t\t\t\t\t<use xlink:href=\"https:\/\/www.esteri.it\/wp-content\/themes\/mae\/assets\/svg\/sprite.svg#it-calendar\"><\/use>\n\t\t\t\t  <\/svg>\n\t\t\t\t<\/span>\n\t\t\t\t<span class=\"data\">26 Marzo 2026<\/span>\n\t\t\t  <\/div>\n\t\t\t  <h5 class=\"card-title big-heading text-uppercase\"><a class=\"text-body text-decoration-none\" href=\"https:\/\/www.esteri.it\/it\/sala_stampa\/archivionotizie\/notestampa\/2026\/03\/nota-accreditamento-stampa-xvi-conferenza-maeci-banca-ditalia-farnesina-2-aprile-2026\/\" title=\"Nota accreditamento stampa &#8211; XVI Conferenza MAECI \u2013 Banca d\u2019Italia (Farnesina, 2 aprile 2026)\">Nota accreditamento stampa &#8211; XVI Conferenza MAECI \u2013 Banca d\u2019Italia (Farnesina, 2 aprile 2026)<\/a><\/h5>\n\t\t\t  <p class=\"card-text\">NOTA DI ACCREDITAMENTO STAMPA XVI Conferenza MAECI \u2013 Banca d\u2019Italia con i Delegati e gli Addetti finanziari accreditati all\u2019estero (Farnesina &#8211; Sala Conferenze Internazionali, 2 aprile 2026) &nbsp; Gioved\u00ec 2 aprile,\u00a0si svolger\u00e0 alla Farnesina la\u00a0XVI edizione della\u00a0Conferenza annuale MAECI \u2013 Banca d\u2019Italia,\u00a0dal titolo \u201cUn mondo turbolento: crisi politiche, contrasti commerciali e shock economico-finanziari. Quali strategie [&hellip;]<\/p>\n\t\t\t  <a title=\"Nota accreditamento stampa &#8211; XVI Conferenza MAECI \u2013 Banca d\u2019Italia (Farnesina, 2 aprile 2026)\" class=\"read-more\" href=\"https:\/\/www.esteri.it\/it\/sala_stampa\/archivionotizie\/notestampa\/2026\/03\/nota-accreditamento-stampa-xvi-conferenza-maeci-banca-ditalia-farnesina-2-aprile-2026\/\">\n\t\t\t\t<span class=\"text\">Leggi di pi\u00f9<\/span>\n\t\t\t\t<svg class=\"icon\">\n\t\t\t\t  <use xlink:href=\"https:\/\/www.esteri.it\/wp-content\/themes\/mae\/assets\/svg\/sprite.svg#it-arrow-right\"><\/use>\n\t\t\t\t<\/svg>\n\t\t\t  <\/a>\n\t\t\t<\/div>\n\t\t  <\/div>\n\t\t<\/div>\n\t\t<!--end card-->\n\t\t<\/div><!-- col-12 .mt-3-->\n\t\t\n\t\t<div class=\"col-12 mt-3\">\n\t\t<!--start card-->\n\t\t<div class=\"card-wrapper\">\n\t\t  <div class=\"card card-bg card-big border-bottom-card\">\n\t\t\t<div class=\"card-body\">\n\t\t\t  <div class=\"category-top\">\n\t\t\t\t<span class=\"category\">\n\t\t\t\t  <svg class=\"icon icon-secondary\">\n\t\t\t\t\t<use xlink:href=\"https:\/\/www.esteri.it\/wp-content\/themes\/mae\/assets\/svg\/sprite.svg#it-calendar\"><\/use>\n\t\t\t\t  <\/svg>\n\t\t\t\t<\/span>\n\t\t\t\t<span class=\"data\">13 Marzo 2026<\/span>\n\t\t\t  <\/div>\n\t\t\t  <h5 class=\"card-title big-heading text-uppercase\"><a class=\"text-body text-decoration-none\" href=\"https:\/\/www.esteri.it\/it\/sala_stampa\/archivionotizie\/notestampa\/2026\/03\/reminder-nota-di-accreditamento-stampa-trentennale-ince-e-forum-imec-generali-convention-center-trieste-17-marzo-2026\/\" title=\"REMINDER: NOTA DI ACCREDITAMENTO STAMPA &#8211; Trentennale InCE e Forum IMEC (Generali Convention Center \u2013 Trieste, 17 marzo 2026)\">REMINDER: NOTA DI ACCREDITAMENTO STAMPA &#8211; Trentennale InCE e Forum IMEC (Generali Convention Center \u2013 Trieste, 17 marzo 2026)<\/a><\/h5>\n\t\t\t  <p class=\"card-text\">REMINDER: NOTA DI ACCREDITAMENTO STAMPA Trentennale InCE e Forum IMEC (Generali Convention Center \u2013 Trieste, 17 marzo 2026) &nbsp; Nella\u00a0mattina\u00a0di marted\u00ec\u00a017 marzo, si svolger\u00e0 presso il\u00a0Generali Convention Center\u00a0di Trieste la Conferenza del Trentennale dell\u2019Iniziativa Centro Europea (InCE). Nel\u00a0pomeriggio\u00a0dello stesso giorno, il Generali Convention Center ospiter\u00e0 un Forum del\u00a0Corridoio India-Medio Oriente-Europa (IMEC). Ad entrambi gli eventi, [&hellip;]<\/p>\n\t\t\t  <a title=\"REMINDER: NOTA DI ACCREDITAMENTO STAMPA &#8211; Trentennale InCE e Forum IMEC (Generali Convention Center \u2013 Trieste, 17 marzo 2026)\" class=\"read-more\" href=\"https:\/\/www.esteri.it\/it\/sala_stampa\/archivionotizie\/notestampa\/2026\/03\/reminder-nota-di-accreditamento-stampa-trentennale-ince-e-forum-imec-generali-convention-center-trieste-17-marzo-2026\/\">\n\t\t\t\t<span class=\"text\">Leggi di pi\u00f9<\/span>\n\t\t\t\t<svg class=\"icon\">\n\t\t\t\t  <use xlink:href=\"https:\/\/www.esteri.it\/wp-content\/themes\/mae\/assets\/svg\/sprite.svg#it-arrow-right\"><\/use>\n\t\t\t\t<\/svg>\n\t\t\t  <\/a>\n\t\t\t<\/div>\n\t\t  <\/div>\n\t\t<\/div>\n\t\t<!--end card-->\n\t\t<\/div><!-- col-12 .mt-3-->\n\t\t<div class=\"col-md-12 mt-4 pb-4\">\n\t  \t\t\t\t<nav class=\"navigation col-md-12\" aria-label=\"Navigation\">\n\t\t\t<h2 class=\"screen-reader-text visually-hidden\">Paginazione<\/h2>\n\t\t\t<div class=\"nav-links\"><span aria-current=\"page\" class=\"page-numbers current\">1<\/span>\n<a class=\"page-numbers\" href=\"https:\/\/www.esteri.it\/it\/wp-json\/wp\/v2\/pages\/80086\/?pag=2\">2<\/a>\n<a class=\"page-numbers\" href=\"https:\/\/www.esteri.it\/it\/wp-json\/wp\/v2\/pages\/80086\/?pag=3\">3<\/a>\n<span class=\"page-numbers dots\">&hellip;<\/span>\n<a class=\"page-numbers\" href=\"https:\/\/www.esteri.it\/it\/wp-json\/wp\/v2\/pages\/80086\/?pag=165\">165<\/a>\n<a class=\"next page-numbers\" href=\"https:\/\/www.esteri.it\/it\/wp-json\/wp\/v2\/pages\/80086\/?pag=2\"><svg class=\"icon icon-primary\"><use xlink:href=\"https:\/\/www.esteri.it\/wp-content\/themes\/mae\/assets\/svg\/sprite.svg#it-chevron-right\"><\/use><\/svg>\n\t\t\t\t\t\t<span class=\"visually-hidden\">Pagina successiva<\/span><\/a><\/div><\/nav><\/div><\/div>\n","protected":false},"excerpt":{"rendered":"","protected":false},"author":8,"featured_media":0,"parent":78,"menu_order":0,"comment_status":"closed","ping_status":"closed","template":"","meta":{"footnotes":""},"class_list":["post-80086","page","type-page","status-publish","hentry"],"_links":{"self":[{"href":"https:\/\/www.esteri.it\/it\/wp-json\/wp\/v2\/pages\/80086","targetHints":{"allow":["GET"]}}],"collection":[{"href":"https:\/\/www.esteri.it\/it\/wp-json\/wp\/v2\/pages"}],"about":[{"href":"https:\/\/www.esteri.it\/it\/wp-json\/wp\/v2\/types\/page"}],"author":[{"embeddable":true,"href":"https:\/\/www.esteri.it\/it\/wp-json\/wp\/v2\/users\/8"}],"replies":[{"embeddable":true,"href":"https:\/\/www.esteri.it\/it\/wp-json\/wp\/v2\/comments?post=80086"}],"version-history":[{"count":3,"href":"https:\/\/www.esteri.it\/it\/wp-json\/wp\/v2\/pages\/80086\/revisions"}],"predecessor-version":[{"id":80089,"href":"https:\/\/www.esteri.it\/it\/wp-json\/wp\/v2\/pages\/80086\/revisions\/80089"}],"up":[{"embeddable":true,"href":"https:\/\/www.esteri.it\/it\/wp-json\/wp\/v2\/pages\/78"}],"wp:attachment":[{"href":"https:\/\/www.esteri.it\/it\/wp-json\/wp\/v2\/media?parent=80086"}],"curies":[{"name":"wp","href":"https:\/\/api.w.org\/{rel}","templated":true}]}}